{"id":2,"date":"2026-02-13T15:03:48","date_gmt":"2026-02-13T14:03:48","guid":{"rendered":"https:\/\/praiacarnotalodge.com\/?page_id=2"},"modified":"2026-04-01T16:16:24","modified_gmt":"2026-04-01T14:16:24","slug":"inicio","status":"publish","type":"page","link":"https:\/\/praiacarnotalodge.com\/en\/","title":{"rendered":"Inicio"},"content":{"rendered":"<p><div class=\"fusion-fullwidth fullwidth-box fusion-builder-row-1 fusion-flex-container has-pattern-background has-mask-background fusion-parallax-none hundred-percent-fullwidth non-hundred-percent-height-scrolling\" style=\"--awb-border-radius-top-left:0px;--awb-border-radius-top-right:0px;--awb-border-radius-bottom-right:0px;--awb-border-radius-bottom-left:0px;--awb-padding-top:50px;--awb-padding-bottom:150px;--awb-background-color:var(--awb-color4);--awb-background-image:url(&quot;https:\/\/praiacarnotalodge.com\/wp-content\/uploads\/constructor-laxe-carreteras-caminos.jpg&quot;);--awb-background-size:cover;--awb-flex-wrap:wrap;\" ><div class=\"fusion-builder-row fusion-row fusion-flex-align-items-center fusion-flex-content-wrap\" style=\"width:104% !important;max-width:104% !important;margin-left: calc(-4% \/ 2 );margin-right: calc(-4% \/ 2 );\"><div class=\"fusion-layout-column fusion_builder_column fusion-builder-column-0 fusion_builder_column_1_1 1_1 fusion-flex-column\" style=\"--awb-bg-size:cover;--awb-width-large:100%;--awb-margin-top-large:0px;--awb-spacing-right-large:1.92%;--awb-margin-bottom-large:20px;--awb-spacing-left-large:1.92%;--awb-width-medium:100%;--awb-order-medium:0;--awb-spacing-right-medium:1.92%;--awb-spacing-left-medium:1.92%;--awb-width-small:100%;--awb-order-small:0;--awb-spacing-right-small:1.92%;--awb-spacing-left-small:1.92%;\"><div class=\"fusion-column-wrapper fusion-column-has-shadow fusion-flex-justify-content-flex-start fusion-content-layout-column\"><div class=\"fusion-title title fusion-title-1 fusion-sep-none fusion-title-center fusion-title-text fusion-title-size-two\" style=\"--awb-text-color:var(--awb-color1);--awb-margin-bottom:10px;--awb-font-size:64px;\"><h2 class=\"fusion-title-heading title-heading-center fusion-responsive-typography-calculated\" style=\"font-family:var(--awb-typography1-font-family);font-weight:var(--awb-typography1-font-weight);font-style:var(--awb-typography1-font-style);margin:0;letter-spacing:var(--awb-typography1-letter-spacing);text-transform:uppercase;font-size:1em;--fontSize:64;line-height:var(--awb-typography1-line-height);\">Horizonte Atl\u00e1ntico, naturaleza infinita<\/h2><\/div><div class=\"fusion-text fusion-text-1\" style=\"--awb-content-alignment:center;--awb-font-size:var(--awb-typography4-font-size);--awb-line-height:var(--awb-typography4-line-height);--awb-letter-spacing:var(--awb-typography4-letter-spacing);--awb-text-transform:var(--awb-typography4-text-transform);--awb-text-color:var(--awb-color1);--awb-text-font-family:var(--awb-typography4-font-family);--awb-text-font-weight:var(--awb-typography4-font-weight);--awb-text-font-style:var(--awb-typography4-font-style);\"><p>Caba\u00f1as de madera integradas en el paisaje, pensadas para descansar, respirar y reconectar con lo esencial.<\/p>\n<\/div><\/div><\/div><\/div><\/div><div class=\"fusion-fullwidth fullwidth-box fusion-builder-row-2 fusion-flex-container has-pattern-background has-mask-background fusion-parallax-none hundred-percent-fullwidth non-hundred-percent-height-scrolling fusion-custom-z-index\" style=\"--awb-border-radius-top-left:0px;--awb-border-radius-top-right:0px;--awb-border-radius-bottom-right:0px;--awb-border-radius-bottom-left:0px;--awb-z-index:9999;--awb-margin-top:-100px;--awb-background-image:url(&quot;https:\/\/praiacarnotalodge.com\/wp-content\/uploads\/constructor-laxe-carreteras-caminos.jpg&quot;);--awb-background-size:cover;--awb-flex-wrap:wrap;\" ><div class=\"fusion-builder-row fusion-row fusion-flex-align-items-flex-end fusion-flex-content-wrap\" style=\"width:104% !important;max-width:104% !important;margin-left: calc(-4% \/ 2 );margin-right: calc(-4% \/ 2 );\"><div class=\"fusion-layout-column fusion_builder_column fusion-builder-column-1 fusion_builder_column_1_3 1_3 fusion-flex-column fusion-flex-align-self-stretch\" style=\"--awb-padding-top:20px;--awb-padding-right:50px;--awb-padding-bottom:20px;--awb-padding-left:50px;--awb-overflow:hidden;--awb-bg-color:var(--awb-color2);--awb-bg-color-hover:var(--awb-color2);--awb-bg-size:cover;--awb-border-color:var(--awb-color3);--awb-border-top:2px;--awb-border-right:2px;--awb-border-bottom:2px;--awb-border-left:2px;--awb-border-style:solid;--awb-border-radius:20px 20px 20px 20px;--awb-width-large:33.333333333333%;--awb-margin-top-large:0px;--awb-spacing-right-large:5.76%;--awb-margin-bottom-large:20px;--awb-spacing-left-large:5.76%;--awb-width-medium:33.333333333333%;--awb-order-medium:0;--awb-spacing-right-medium:5.76%;--awb-spacing-left-medium:5.76%;--awb-width-small:100%;--awb-order-small:0;--awb-spacing-right-small:1.92%;--awb-spacing-left-small:1.92%;\"><div class=\"fusion-column-wrapper fusion-column-has-shadow fusion-flex-justify-content-flex-start fusion-content-layout-column\"><div class=\"fusion-title title fusion-title-2 fusion-sep-none fusion-title-center fusion-title-text fusion-title-size-three\" style=\"--awb-text-color:var(--awb-color8);--awb-margin-bottom:10px;--awb-font-size:var(--awb-typography3-font-size);\"><h3 class=\"fusion-title-heading title-heading-center fusion-responsive-typography-calculated\" style=\"font-family:var(--awb-typography3-font-family);font-weight:var(--awb-typography3-font-weight);font-style:var(--awb-typography3-font-style);margin:0;letter-spacing:var(--awb-typography3-letter-spacing);text-transform:var(--awb-typography3-text-transform);font-size:1em;--fontSize:46;line-height:var(--awb-typography3-line-height);\">Naturaleza Atl\u00e1ntica<\/h3><\/div><div class=\"fusion-text fusion-text-2\" style=\"--awb-content-alignment:justify;--awb-font-size:var(--awb-typography4-font-size);--awb-line-height:var(--awb-typography4-line-height);--awb-letter-spacing:var(--awb-typography4-letter-spacing);--awb-text-transform:var(--awb-typography4-text-transform);--awb-text-color:var(--awb-color8);--awb-text-font-family:var(--awb-typography4-font-family);--awb-text-font-weight:var(--awb-typography4-font-weight);--awb-text-font-style:var(--awb-typography4-font-style);\"><p>Entre la inmensidad de la playa de Carnota y la silueta del Monte Pindo, un entorno donde el verde, el oc\u00e9ano y el horizonte crean un paisaje de calma y belleza natural.<\/p>\n<\/div><\/div><\/div><div class=\"fusion-layout-column fusion_builder_column fusion-builder-column-2 fusion_builder_column_1_3 1_3 fusion-flex-column fusion-flex-align-self-stretch\" style=\"--awb-padding-top:20px;--awb-padding-right:50px;--awb-padding-bottom:20px;--awb-padding-left:50px;--awb-overflow:hidden;--awb-bg-color:var(--awb-color2);--awb-bg-color-hover:var(--awb-color2);--awb-bg-size:cover;--awb-border-color:var(--awb-color3);--awb-border-top:2px;--awb-border-right:2px;--awb-border-bottom:2px;--awb-border-left:2px;--awb-border-style:solid;--awb-border-radius:20px 20px 20px 20px;--awb-width-large:33.333333333333%;--awb-margin-top-large:0px;--awb-spacing-right-large:5.76%;--awb-margin-bottom-large:20px;--awb-spacing-left-large:5.76%;--awb-width-medium:33.333333333333%;--awb-order-medium:0;--awb-spacing-right-medium:5.76%;--awb-spacing-left-medium:5.76%;--awb-width-small:100%;--awb-order-small:0;--awb-spacing-right-small:1.92%;--awb-spacing-left-small:1.92%;\"><div class=\"fusion-column-wrapper fusion-column-has-shadow fusion-flex-justify-content-flex-start fusion-content-layout-column\"><div class=\"fusion-title title fusion-title-3 fusion-sep-none fusion-title-center fusion-title-text fusion-title-size-three\" style=\"--awb-text-color:var(--awb-color8);--awb-margin-bottom:10px;--awb-font-size:var(--awb-typography3-font-size);\"><h3 class=\"fusion-title-heading title-heading-center fusion-responsive-typography-calculated\" style=\"font-family:var(--awb-typography3-font-family);font-weight:var(--awb-typography3-font-weight);font-style:var(--awb-typography3-font-style);margin:0;letter-spacing:var(--awb-typography3-letter-spacing);text-transform:var(--awb-typography3-text-transform);font-size:1em;--fontSize:46;line-height:var(--awb-typography3-line-height);\">Descanso &amp; Calma<\/h3><\/div><div class=\"fusion-text fusion-text-3\" style=\"--awb-content-alignment:justify;--awb-font-size:var(--awb-typography4-font-size);--awb-line-height:var(--awb-typography4-line-height);--awb-letter-spacing:var(--awb-typography4-letter-spacing);--awb-text-transform:var(--awb-typography4-text-transform);--awb-text-color:var(--awb-color8);--awb-text-font-family:var(--awb-typography4-font-family);--awb-text-font-weight:var(--awb-typography4-font-weight);--awb-text-font-style:var(--awb-typography4-font-style);\"><p>El lujo de vivir despacio. Un refugio pensado para desconectar del ruido del mundo.<br \/>\nTiempo para caminar, leer, respirar aire limpio y dejar que los d\u00edas fluyan sin prisa.<\/p>\n<\/div><\/div><\/div><div class=\"fusion-layout-column fusion_builder_column fusion-builder-column-3 fusion_builder_column_1_3 1_3 fusion-flex-column fusion-flex-align-self-stretch\" style=\"--awb-padding-top:20px;--awb-padding-right:50px;--awb-padding-bottom:20px;--awb-padding-left:50px;--awb-overflow:hidden;--awb-bg-color:var(--awb-color2);--awb-bg-color-hover:var(--awb-color2);--awb-bg-size:cover;--awb-border-color:var(--awb-color3);--awb-border-top:2px;--awb-border-right:2px;--awb-border-bottom:2px;--awb-border-left:2px;--awb-border-style:solid;--awb-border-radius:20px 20px 20px 20px;--awb-width-large:33.333333333333%;--awb-margin-top-large:0px;--awb-spacing-right-large:5.76%;--awb-margin-bottom-large:20px;--awb-spacing-left-large:5.76%;--awb-width-medium:33.333333333333%;--awb-order-medium:0;--awb-spacing-right-medium:5.76%;--awb-spacing-left-medium:5.76%;--awb-width-small:100%;--awb-order-small:0;--awb-spacing-right-small:1.92%;--awb-spacing-left-small:1.92%;\"><div class=\"fusion-column-wrapper fusion-column-has-shadow fusion-flex-justify-content-flex-start fusion-content-layout-column\"><div class=\"fusion-title title fusion-title-4 fusion-sep-none fusion-title-center fusion-title-text fusion-title-size-three\" style=\"--awb-text-color:var(--awb-color8);--awb-margin-bottom:10px;--awb-font-size:var(--awb-typography3-font-size);\"><h3 class=\"fusion-title-heading title-heading-center fusion-responsive-typography-calculated\" style=\"font-family:var(--awb-typography3-font-family);font-weight:var(--awb-typography3-font-weight);font-style:var(--awb-typography3-font-style);margin:0;letter-spacing:var(--awb-typography3-letter-spacing);text-transform:var(--awb-typography3-text-transform);font-size:1em;--fontSize:46;line-height:var(--awb-typography3-line-height);\">Aut\u00e9ntico Ecoturismo<\/h3><\/div><div class=\"fusion-text fusion-text-4\" style=\"--awb-content-alignment:justify;--awb-font-size:var(--awb-typography4-font-size);--awb-line-height:var(--awb-typography4-line-height);--awb-letter-spacing:var(--awb-typography4-letter-spacing);--awb-text-transform:var(--awb-typography4-text-transform);--awb-text-color:var(--awb-color8);--awb-text-font-family:var(--awb-typography4-font-family);--awb-text-font-weight:var(--awb-typography4-font-weight);--awb-text-font-style:var(--awb-typography4-font-style);\"><p>Un punto de partida ideal para recorrer la Costa da Morte: Senderos junto al mar, faros atl\u00e1nticos y playas salvajes que conservan su esencia.<\/p>\n<\/div><\/div><\/div><\/div><\/div><div class=\"fusion-fullwidth fullwidth-box fusion-builder-row-3 fusion-flex-container has-pattern-background has-mask-background hundred-percent-fullwidth non-hundred-percent-height-scrolling\" style=\"--awb-border-radius-top-left:0px;--awb-border-radius-top-right:0px;--awb-border-radius-bottom-right:0px;--awb-border-radius-bottom-left:0px;--awb-padding-left:0px;--awb-margin-top:100px;--awb-margin-bottom:100px;--awb-flex-wrap:wrap;\" ><div class=\"fusion-builder-row fusion-row fusion-flex-align-items-flex-start fusion-flex-content-wrap\" style=\"width:104% !important;max-width:104% !important;margin-left: calc(-4% \/ 2 );margin-right: calc(-4% \/ 2 );\"><div class=\"fusion-layout-column fusion_builder_column fusion-builder-column-4 fusion_builder_column_2_5 2_5 fusion-flex-column fusion-flex-align-self-stretch\" style=\"--awb-overflow:hidden;--awb-bg-image:url(&#039;https:\/\/praiacarnotalodge.com\/wp-content\/uploads\/cabanas-madera-playa-carnota.jpg&#039;);--awb-bg-position:center center;--awb-bg-size:cover;--awb-border-radius:0px 20px 20px 0px;--awb-width-large:40%;--awb-margin-top-large:0px;--awb-spacing-right-large:4.8%;--awb-margin-bottom-large:0PX;--awb-spacing-left-large:4.8%;--awb-width-medium:40%;--awb-order-medium:0;--awb-spacing-right-medium:4.8%;--awb-spacing-left-medium:4.8%;--awb-width-small:100%;--awb-order-small:0;--awb-spacing-right-small:1.92%;--awb-spacing-left-small:1.92%;\"><div class=\"fusion-column-wrapper fusion-column-has-shadow fusion-flex-justify-content-flex-start fusion-content-layout-column fusion-empty-column-bg-image fusion-column-has-bg-image\" data-bg-url=\"https:\/\/praiacarnotalodge.com\/wp-content\/uploads\/cabanas-madera-playa-carnota.jpg\"><img decoding=\"async\" class=\"fusion-empty-dims-img-placeholder\" alt=\"Caba\u00f1as de Maderas en la Playa de Carnota\" aria-label=\"cabanas-madera-playa-carnota\" src=\"data:image\/svg+xml,%3Csvg%20xmlns%3D%27http%3A%2F%2Fwww.w3.org%2F2000%2Fsvg%27%20width%3D%27705%27%20height%3D%27400%27%20viewBox%3D%270%200%20705%20400%27%3E%3Crect%20width%3D%27705%27%20height%3D%27400%27%20fill-opacity%3D%220%22%2F%3E%3C%2Fsvg%3E\"><\/div><\/div><div class=\"fusion-layout-column fusion_builder_column fusion-builder-column-5 fusion_builder_column_1_2 1_2 fusion-flex-column\" style=\"--awb-padding-top:30px;--awb-padding-bottom:30px;--awb-bg-size:cover;--awb-width-large:50%;--awb-margin-top-large:0px;--awb-spacing-right-large:3.84%;--awb-margin-bottom-large:0px;--awb-spacing-left-large:3.84%;--awb-width-medium:50%;--awb-order-medium:0;--awb-spacing-right-medium:3.84%;--awb-spacing-left-medium:3.84%;--awb-width-small:100%;--awb-order-small:0;--awb-spacing-right-small:1.92%;--awb-spacing-left-small:1.92%;\"><div class=\"fusion-column-wrapper fusion-column-has-shadow fusion-flex-justify-content-flex-start fusion-content-layout-column\"><div class=\"fusion-title title fusion-title-5 fusion-sep-none fusion-title-text fusion-title-size-two\" style=\"--awb-font-size:var(--awb-typography1-font-size);\"><h2 class=\"fusion-title-heading title-heading-left fusion-responsive-typography-calculated\" style=\"font-family:var(--awb-typography1-font-family);font-weight:var(--awb-typography1-font-weight);font-style:var(--awb-typography1-font-style);margin:0;letter-spacing:var(--awb-typography1-letter-spacing);text-transform:var(--awb-typography1-text-transform);font-size:1em;--fontSize:56;line-height:var(--awb-typography1-line-height);\">Caba\u00f1as de Madera<\/h2><\/div><div class=\"fusion-text fusion-text-5\" style=\"--awb-content-alignment:justify;\"><p>Cinco acogedoras caba\u00f1as de madera con amplias cristaleras, dise\u00f1adas para alojar hasta 4 personas. Cada una dispone de un luminoso sal\u00f3n-comedor con cocina integrada, una c\u00f3moda cama de 1,50 m en la planta baja y dos camas de 90 cm en un encantador altillo.<\/p>\n<p>Todas las caba\u00f1as cuentan con terraza privada; algunas disponen de ba\u00f1era de hidromasaje exterior y otras de jacuzzi. Adem\u00e1s, est\u00e1n equipadas con ducha de hidromasaje, aire acondicionado, calefacci\u00f3n, jard\u00edn y parking privado. Una de ellas est\u00e1 especialmente adaptada para personas con movilidad reducida, porque el descanso en plena naturaleza deber\u00eda ser accesible para todas las personas.<\/p>\n<\/div><div style=\"text-align:right;\"><a class=\"fusion-button button-flat fusion-button-default-size button-custom fusion-button-default button-1 fusion-button-default-span fusion-button-default-type\" style=\"--button_accent_color:var(--awb-color5);--button_border_color:var(--awb-color5);--button_accent_hover_color:var(--awb-color5);--button_border_hover_color:var(--awb-color1);--button_border_width-top:0px;--button_border_width-right:0px;--button_border_width-bottom:1px;--button_border_width-left:0px;--button-border-radius-top-left:0px;--button-border-radius-top-right:0px;--button-border-radius-bottom-right:0px;--button-border-radius-bottom-left:0px;--button_gradient_top_color:transparent;--button_gradient_bottom_color:transparent;--button_gradient_top_color_hover:transparent;--button_gradient_bottom_color_hover:transparent;--button_text_transform:var(--awb-typography2-text-transform);--button_font_size:var(--awb-typography2-font-size);--button_line_height:var(--awb-typography2-line-height);--button_padding-top:0px;--button_padding-right:0px;--button_padding-bottom:0px;--button_padding-left:0px;--button_typography-letter-spacing:var(--awb-typography2-letter-spacing);--button_typography-font-family:var(--awb-typography2-font-family);--button_typography-font-weight:var(--awb-typography2-font-weight);--button_typography-font-style:var(--awb-typography2-font-style);\" target=\"_self\" href=\"https:\/\/praiacarnotalodge.com\/en\/apartamentos\/\"><span class=\"fusion-button-text awb-button__text awb-button__text--default\">Saber m\u00e1s<\/span><\/a><\/div><\/div><\/div><\/div><\/div><div class=\"fusion-fullwidth fullwidth-box fusion-builder-row-4 fusion-flex-container has-pattern-background has-mask-background hundred-percent-fullwidth non-hundred-percent-height-scrolling\" style=\"--awb-border-radius-top-left:0px;--awb-border-radius-top-right:0px;--awb-border-radius-bottom-right:0px;--awb-border-radius-bottom-left:0px;--awb-padding-right:0px;--awb-margin-top:100px;--awb-margin-bottom:100px;--awb-flex-wrap:wrap;\" ><div class=\"fusion-builder-row fusion-row fusion-flex-align-items-flex-start fusion-flex-justify-content-flex-end fusion-flex-content-wrap\" style=\"width:104% !important;max-width:104% !important;margin-left: calc(-4% \/ 2 );margin-right: calc(-4% \/ 2 );\"><div class=\"fusion-layout-column fusion_builder_column fusion-builder-column-6 fusion_builder_column_1_2 1_2 fusion-flex-column\" style=\"--awb-padding-top:30px;--awb-padding-bottom:30px;--awb-bg-size:cover;--awb-width-large:50%;--awb-margin-top-large:0px;--awb-spacing-right-large:80px;--awb-margin-bottom-large:0px;--awb-spacing-left-large:3.84%;--awb-width-medium:50%;--awb-order-medium:0;--awb-spacing-right-medium:80px;--awb-spacing-left-medium:3.84%;--awb-width-small:100%;--awb-order-small:0;--awb-spacing-right-small:1.92%;--awb-spacing-left-small:1.92%;\"><div class=\"fusion-column-wrapper fusion-column-has-shadow fusion-flex-justify-content-flex-start fusion-content-layout-column\"><div class=\"fusion-title title fusion-title-6 fusion-sep-none fusion-title-text fusion-title-size-two\" style=\"--awb-margin-top:0px;--awb-font-size:var(--awb-typography1-font-size);\"><h2 class=\"fusion-title-heading title-heading-left fusion-responsive-typography-calculated\" style=\"font-family:var(--awb-typography1-font-family);font-weight:var(--awb-typography1-font-weight);font-style:var(--awb-typography1-font-style);margin:0;letter-spacing:var(--awb-typography1-letter-spacing);text-transform:var(--awb-typography1-text-transform);font-size:1em;--fontSize:56;line-height:var(--awb-typography1-line-height);\">D\u00edas sin prisa, noches en paz<\/h2><\/div><div class=\"fusion-text fusion-text-6\" style=\"--awb-content-alignment:justify;\"><p>En Praia Carnota Lodge los d\u00edas se miden en paseos, lecturas y ba\u00f1os calientes, no en notificaciones. La playa de Carnota, el Monte Pindo y el jard\u00edn que rodea los apartamentos crean un entorno donde el cuerpo y la mente pueden bajar de ritmo.<\/p>\n<\/div><div class=\"fusion-separator fusion-full-width-sep\" style=\"align-self: center;margin-left: auto;margin-right: auto;margin-bottom:15px;width:100%;\"><div class=\"fusion-separator-border sep-single\" style=\"--awb-height:20px;--awb-amount:20px;border-color:hsla(var(--awb-color3-h),var(--awb-color3-s),calc(var(--awb-color3-l) - 10%),var(--awb-color3-a));border-top-width:1px;\"><\/div><\/div><div class=\"fusion-builder-row fusion-builder-row-inner fusion-row fusion-flex-align-items-flex-start fusion-flex-justify-content-flex-end fusion-flex-content-wrap\" style=\"width:104% !important;max-width:104% !important;margin-left: calc(-4% \/ 2 );margin-right: calc(-4% \/ 2 );\"><div class=\"fusion-layout-column fusion_builder_column_inner fusion-builder-nested-column-0 fusion_builder_column_inner_1_2 1_2 fusion-flex-column fusion-flex-align-self-stretch\" style=\"--awb-bg-size:cover;--awb-width-large:50%;--awb-margin-top-large:0px;--awb-spacing-right-large:30px;--awb-margin-bottom-large:0px;--awb-spacing-left-large:3.84%;--awb-width-medium:50%;--awb-order-medium:0;--awb-spacing-right-medium:30px;--awb-spacing-left-medium:3.84%;--awb-width-small:100%;--awb-order-small:0;--awb-spacing-right-small:1.92%;--awb-spacing-left-small:1.92%;\"><div class=\"fusion-column-wrapper fusion-column-has-shadow fusion-flex-justify-content-flex-start fusion-content-layout-column\"><div class=\"fusion-title title fusion-title-7 fusion-sep-none fusion-title-text fusion-title-size-two\" style=\"--awb-font-size:var(--awb-typography2-font-size);\"><h2 class=\"fusion-title-heading title-heading-left fusion-responsive-typography-calculated\" style=\"font-family:var(--awb-typography2-font-family);font-weight:var(--awb-typography2-font-weight);font-style:var(--awb-typography2-font-style);margin:0;letter-spacing:var(--awb-typography2-letter-spacing);text-transform:var(--awb-typography2-text-transform);font-size:1em;--fontSize:19;--minFontSize:19;line-height:var(--awb-typography2-line-height);\">Paseos junto al mar<\/h2><\/div><div class=\"fusion-text fusion-text-7\" style=\"--awb-content-alignment:justify;\"><p>Kil\u00f3metros de arena salvaje donde caminar descalzo, respirar salitre y dejar que el mar se lleve el ruido del mundo.<\/p>\n<\/div><\/div><\/div><div class=\"fusion-layout-column fusion_builder_column_inner fusion-builder-nested-column-1 fusion_builder_column_inner_1_2 1_2 fusion-flex-column fusion-flex-align-self-stretch\" style=\"--awb-bg-size:cover;--awb-width-large:50%;--awb-margin-top-large:0px;--awb-spacing-right-large:3.84%;--awb-margin-bottom-large:0px;--awb-spacing-left-large:30px;--awb-width-medium:50%;--awb-order-medium:0;--awb-spacing-right-medium:3.84%;--awb-spacing-left-medium:30px;--awb-width-small:100%;--awb-order-small:0;--awb-spacing-right-small:1.92%;--awb-spacing-left-small:1.92%;\"><div class=\"fusion-column-wrapper fusion-column-has-shadow fusion-flex-justify-content-flex-start fusion-content-layout-column\"><div class=\"fusion-title title fusion-title-8 fusion-sep-none fusion-title-text fusion-title-size-two\" style=\"--awb-font-size:var(--awb-typography2-font-size);\"><h2 class=\"fusion-title-heading title-heading-left fusion-responsive-typography-calculated\" style=\"font-family:var(--awb-typography2-font-family);font-weight:var(--awb-typography2-font-weight);font-style:var(--awb-typography2-font-style);margin:0;letter-spacing:var(--awb-typography2-letter-spacing);text-transform:var(--awb-typography2-text-transform);font-size:1em;--fontSize:19;--minFontSize:19;line-height:var(--awb-typography2-line-height);\">Ba\u00f1eras bajo las estrellas<\/h2><\/div><div class=\"fusion-text fusion-text-8\" style=\"--awb-content-alignment:justify;\"><p>Las caba\u00f1as tienen ba\u00f1era hidromasaje o jacuzzi exterior, ideal para terminar el d\u00eda mirando al cielo.<\/p>\n<\/div><\/div><\/div><\/div><div style=\"text-align:right;\"><a class=\"fusion-button button-flat fusion-button-default-size button-custom fusion-button-default button-2 fusion-button-default-span fusion-button-default-type\" style=\"--button_accent_color:var(--awb-color5);--button_border_color:var(--awb-color5);--button_accent_hover_color:var(--awb-color5);--button_border_hover_color:var(--awb-color1);--button_border_width-top:0px;--button_border_width-right:0px;--button_border_width-bottom:1px;--button_border_width-left:0px;--button-border-radius-top-left:0px;--button-border-radius-top-right:0px;--button-border-radius-bottom-right:0px;--button-border-radius-bottom-left:0px;--button_gradient_top_color:transparent;--button_gradient_bottom_color:transparent;--button_gradient_top_color_hover:transparent;--button_gradient_bottom_color_hover:transparent;--button_text_transform:var(--awb-typography2-text-transform);--button_font_size:var(--awb-typography2-font-size);--button_line_height:var(--awb-typography2-line-height);--button_padding-top:0px;--button_padding-right:0px;--button_padding-bottom:0px;--button_padding-left:0px;--button_typography-letter-spacing:var(--awb-typography2-letter-spacing);--button_typography-font-family:var(--awb-typography2-font-family);--button_typography-font-weight:var(--awb-typography2-font-weight);--button_typography-font-style:var(--awb-typography2-font-style);\" target=\"_self\" href=\"\/en\/\"><span class=\"fusion-button-text awb-button__text awb-button__text--default\">Saber m\u00e1s<\/span><\/a><\/div><\/div><\/div><div class=\"fusion-layout-column fusion_builder_column fusion-builder-column-7 fusion_builder_column_2_5 2_5 fusion-flex-column fusion-flex-align-self-stretch\" style=\"--awb-overflow:hidden;--awb-bg-image:url(&#039;https:\/\/praiacarnotalodge.com\/wp-content\/uploads\/puesta-sol-costa-da-morte.jpg&#039;);--awb-bg-position:center center;--awb-bg-size:cover;--awb-border-radius:20px 0px 0px 20px;--awb-width-large:40%;--awb-margin-top-large:0px;--awb-spacing-right-large:4.8%;--awb-margin-bottom-large:0PX;--awb-spacing-left-large:4.8%;--awb-width-medium:40%;--awb-order-medium:0;--awb-spacing-right-medium:4.8%;--awb-spacing-left-medium:4.8%;--awb-width-small:100%;--awb-order-small:0;--awb-spacing-right-small:1.92%;--awb-spacing-left-small:1.92%;\"><div class=\"fusion-column-wrapper fusion-column-has-shadow fusion-flex-justify-content-flex-start fusion-content-layout-column fusion-empty-column-bg-image fusion-column-has-bg-image\" data-bg-url=\"https:\/\/praiacarnotalodge.com\/wp-content\/uploads\/puesta-sol-costa-da-morte.jpg\"><img decoding=\"async\" class=\"fusion-empty-dims-img-placeholder\" alt=\"Puesta de Sol en A Costa da Morte\" aria-label=\"puesta-sol-costa-da-morte\" src=\"data:image\/svg+xml,%3Csvg%20xmlns%3D%27http%3A%2F%2Fwww.w3.org%2F2000%2Fsvg%27%20width%3D%27705%27%20height%3D%27400%27%20viewBox%3D%270%200%20705%20400%27%3E%3Crect%20width%3D%27705%27%20height%3D%27400%27%20fill-opacity%3D%220%22%2F%3E%3C%2Fsvg%3E\"><\/div><\/div><\/div><\/div><div class=\"fusion-fullwidth fullwidth-box fusion-builder-row-5 fusion-flex-container has-pattern-background has-mask-background nonhundred-percent-fullwidth non-hundred-percent-height-scrolling\" style=\"--awb-border-radius-top-left:0px;--awb-border-radius-top-right:0px;--awb-border-radius-bottom-right:0px;--awb-border-radius-bottom-left:0px;--awb-padding-top:20px;--awb-margin-top:100px;--awb-background-color:var(--awb-color3);--awb-flex-wrap:wrap;\" ><div class=\"fusion-builder-row fusion-row fusion-flex-align-items-flex-start fusion-flex-justify-content-center fusion-flex-content-wrap\" style=\"max-width:1248px;margin-left: calc(-4% \/ 2 );margin-right: calc(-4% \/ 2 );\"><div class=\"fusion-layout-column fusion_builder_column fusion-builder-column-8 fusion_builder_column_3_4 3_4 fusion-flex-column\" style=\"--awb-padding-top:30px;--awb-padding-bottom:30px;--awb-bg-size:cover;--awb-width-large:75%;--awb-margin-top-large:0px;--awb-spacing-right-large:80px;--awb-margin-bottom-large:20px;--awb-spacing-left-large:2.56%;--awb-width-medium:75%;--awb-order-medium:0;--awb-spacing-right-medium:80px;--awb-spacing-left-medium:2.56%;--awb-width-small:100%;--awb-order-small:0;--awb-spacing-right-small:1.92%;--awb-spacing-left-small:1.92%;\"><div class=\"fusion-column-wrapper fusion-column-has-shadow fusion-flex-justify-content-flex-start fusion-content-layout-column\"><div class=\"fusion-title title fusion-title-9 fusion-sep-none fusion-title-center fusion-title-text fusion-title-size-two\" style=\"--awb-margin-top:0px;--awb-font-size:var(--awb-typography1-font-size);\"><h2 class=\"fusion-title-heading title-heading-center fusion-responsive-typography-calculated\" style=\"font-family:var(--awb-typography1-font-family);font-weight:var(--awb-typography1-font-weight);font-style:var(--awb-typography1-font-style);margin:0;letter-spacing:var(--awb-typography1-letter-spacing);text-transform:var(--awb-typography1-text-transform);font-size:1em;--fontSize:56;line-height:var(--awb-typography1-line-height);\">Reserva unos d\u00edas de calma en Carnota<\/h2><\/div><div class=\"fusion-text fusion-text-9\" style=\"--awb-content-alignment:justify;\"><p>Elige fechas, reserva tu caba\u00f1a y empieza a planear una escapada de naturaleza, silencio y descanso en la Costa da Morte. Si lo necesitas, te ayudamos a dise\u00f1ar una estancia a tu ritmo.<\/p>\n<\/div><div style=\"text-align:center;\"><a class=\"fusion-button button-flat fusion-button-default-size button-custom fusion-button-default button-3 fusion-button-default-span fusion-button-default-type\" style=\"--button_accent_color:var(--awb-color1);--button_accent_hover_color:var(--awb-color1);--button_border_hover_color:transparent;--button-border-radius-top-left:10px;--button-border-radius-top-right:10px;--button-border-radius-bottom-right:10px;--button-border-radius-bottom-left:10px;--button_gradient_top_color:var(--awb-color5);--button_gradient_bottom_color:var(--awb-color5);--button_gradient_top_color_hover:var(--awb-color4);--button_gradient_bottom_color_hover:var(--awb-color4);--button_text_transform:uppercase;--button_font_size:var(--awb-typography4-font-size);--button_line_height:var(--awb-typography4-line-height);--button_padding-top:10px;--button_padding-right:15px;--button_padding-bottom:10px;--button_padding-left:15px;--button_typography-letter-spacing:var(--awb-typography4-letter-spacing);--button_typography-font-family:var(--awb-typography4-font-family);--button_typography-font-weight:var(--awb-typography4-font-weight);--button_typography-font-style:var(--awb-typography4-font-style);\" target=\"_self\" href=\"#\"><span class=\"fusion-button-text awb-button__text awb-button__text--default\">Ver disponibilidad<\/span><\/a><\/div><\/div><\/div><\/div><\/div><\/p>","protected":false},"excerpt":{"rendered":"","protected":false},"author":1,"featured_media":0,"parent":0,"menu_order":0,"comment_status":"closed","ping_status":"closed","template":"100-width.php","meta":{"footnotes":""},"class_list":["post-2","page","type-page","status-publish","hentry"],"_links":{"self":[{"href":"https:\/\/praiacarnotalodge.com\/en\/wp-json\/wp\/v2\/pages\/2","targetHints":{"allow":["GET"]}}],"collection":[{"href":"https:\/\/praiacarnotalodge.com\/en\/wp-json\/wp\/v2\/pages"}],"about":[{"href":"https:\/\/praiacarnotalodge.com\/en\/wp-json\/wp\/v2\/types\/page"}],"author":[{"embeddable":true,"href":"https:\/\/praiacarnotalodge.com\/en\/wp-json\/wp\/v2\/users\/1"}],"replies":[{"embeddable":true,"href":"https:\/\/praiacarnotalodge.com\/en\/wp-json\/wp\/v2\/comments?post=2"}],"version-history":[{"count":38,"href":"https:\/\/praiacarnotalodge.com\/en\/wp-json\/wp\/v2\/pages\/2\/revisions"}],"predecessor-version":[{"id":449,"href":"https:\/\/praiacarnotalodge.com\/en\/wp-json\/wp\/v2\/pages\/2\/revisions\/449"}],"wp:attachment":[{"href":"https:\/\/praiacarnotalodge.com\/en\/wp-json\/wp\/v2\/media?parent=2"}],"curies":[{"name":"wp","href":"https:\/\/api.w.org\/{rel}","templated":true}]}}