{"id":326,"date":"2026-02-09T14:13:20","date_gmt":"2026-02-09T13:13:20","guid":{"rendered":"https:\/\/praiacarnotalodge.com\/?page_id=326"},"modified":"2026-04-06T10:55:16","modified_gmt":"2026-04-06T08:55:16","slug":"cabanas","status":"publish","type":"page","link":"https:\/\/praiacarnotalodge.com\/en\/cabanas\/","title":{"rendered":"Caba\u00f1as"},"content":{"rendered":"<p><div class=\"fusion-fullwidth fullwidth-box fusion-builder-row-1 fusion-flex-container has-pattern-background has-mask-background fusion-parallax-none hundred-percent-fullwidth non-hundred-percent-height-scrolling\" style=\"--awb-border-radius-top-left:0px;--awb-border-radius-top-right:0px;--awb-border-radius-bottom-right:0px;--awb-border-radius-bottom-left:0px;--awb-padding-top:150px;--awb-padding-bottom:30px;--awb-background-image:url(&quot;https:\/\/praiacarnotalodge.com\/wp-content\/uploads\/constructor-laxe-carreteras-caminos.jpg&quot;);--awb-background-size:cover;--awb-flex-wrap:wrap;\" ><div class=\"fusion-builder-row fusion-row fusion-flex-align-items-center fusion-flex-justify-content-center fusion-flex-content-wrap\" style=\"width:104% !important;max-width:104% !important;margin-left: calc(-4% \/ 2 );margin-right: calc(-4% \/ 2 );\"><div class=\"fusion-layout-column fusion_builder_column fusion-builder-column-0 fusion_builder_column_4_5 4_5 fusion-flex-column\" style=\"--awb-bg-size:cover;--awb-width-large:80%;--awb-margin-top-large:0px;--awb-spacing-right-large:2.4%;--awb-margin-bottom-large:20px;--awb-spacing-left-large:2.4%;--awb-width-medium:80%;--awb-order-medium:0;--awb-spacing-right-medium:2.4%;--awb-spacing-left-medium:2.4%;--awb-width-small:100%;--awb-order-small:0;--awb-spacing-right-small:1.92%;--awb-spacing-left-small:1.92%;\"><div class=\"fusion-column-wrapper fusion-column-has-shadow fusion-flex-justify-content-flex-start fusion-content-layout-column\"><div class=\"fusion-title title fusion-title-1 fusion-sep-none fusion-title-center fusion-title-text fusion-title-size-two\" style=\"--awb-text-color:var(--awb-color8);--awb-margin-bottom:10px;--awb-font-size:64px;\"><h2 class=\"fusion-title-heading title-heading-center fusion-responsive-typography-calculated\" style=\"font-family:var(--awb-typography1-font-family);font-weight:var(--awb-typography1-font-weight);font-style:var(--awb-typography1-font-style);margin:0;letter-spacing:var(--awb-typography1-letter-spacing);text-transform:uppercase;font-size:1em;--fontSize:64;line-height:var(--awb-typography1-line-height);\">Naturaleza infinita entre mar y monta\u00f1a<\/h2><\/div><div class=\"fusion-text fusion-text-1\" style=\"--awb-content-alignment:center;--awb-font-size:var(--awb-typography4-font-size);--awb-line-height:var(--awb-typography4-line-height);--awb-letter-spacing:var(--awb-typography4-letter-spacing);--awb-text-transform:var(--awb-typography4-text-transform);--awb-text-color:var(--awb-color8);--awb-text-font-family:var(--awb-typography4-font-family);--awb-text-font-weight:var(--awb-typography4-font-weight);--awb-text-font-style:var(--awb-typography4-font-style);\"><p>Playas infinitas, montes verdes y paisajes \u00fanicos hacen de Praia Carnota Lodge el destino perfecto para desconectar. Un entorno natural privilegiado ideal para disfrutar en familia o vivir una escapada rom\u00e1ntica.<\/p>\n<\/div><\/div><\/div><\/div><\/div><div class=\"fusion-fullwidth fullwidth-box fusion-builder-row-2 fusion-flex-container has-pattern-background has-mask-background hundred-percent-fullwidth non-hundred-percent-height-scrolling\" style=\"--awb-border-radius-top-left:0px;--awb-border-radius-top-right:0px;--awb-border-radius-bottom-right:0px;--awb-border-radius-bottom-left:0px;--awb-padding-left:0px;--awb-padding-left-small:30px;--awb-margin-top:100px;--awb-margin-bottom:100px;--awb-flex-wrap:wrap;\" ><div class=\"fusion-builder-row fusion-row fusion-flex-align-items-flex-start fusion-flex-content-wrap\" style=\"width:104% !important;max-width:104% !important;margin-left: calc(-4% \/ 2 );margin-right: calc(-4% \/ 2 );\"><div class=\"fusion-layout-column fusion_builder_column fusion-builder-column-1 fusion_builder_column_2_5 2_5 fusion-flex-column fusion-flex-align-self-stretch\" style=\"--awb-padding-top-small:100px;--awb-padding-bottom-small:100px;--awb-overflow:hidden;--awb-bg-position:center center;--awb-bg-size:cover;--awb-border-radius:0px 20px 20px 0px;--awb-width-large:40%;--awb-margin-top-large:0px;--awb-spacing-right-large:4.8%;--awb-margin-bottom-large:0PX;--awb-spacing-left-large:4.8%;--awb-width-medium:40%;--awb-order-medium:0;--awb-spacing-right-medium:4.8%;--awb-spacing-left-medium:4.8%;--awb-width-small:100%;--awb-order-small:0;--awb-spacing-right-small:1.92%;--awb-spacing-left-small:1.92%;\"><div class=\"awb-column__background-slider\" ><div class=\"awb-background-slider\" data-type=\"column\" data-loop=\"yes\" data-animation=\"fade\" data-slideshow-speed=\"5000\" data-animation-speed=\"800\" data-direction=\"up\" style=\"--awb-image-position:50% 50%;\"><div class=\"swiper-wrapper\"><div class=\"swiper-slide\"><img decoding=\"async\" width=\"569\" height=\"705\" src=\"https:\/\/praiacarnotalodge.com\/wp-content\/uploads\/cabanas-carnota-vistas-monte-pindo.jpg\" class=\"awb-background-slider__image\" alt=\"Caba\u00f1as de Praia Carnota Lodge con vistas al Monte Pindo\" srcset=\"https:\/\/praiacarnotalodge.com\/wp-content\/uploads\/cabanas-carnota-vistas-monte-pindo-10x12.jpg 10w, https:\/\/praiacarnotalodge.com\/wp-content\/uploads\/cabanas-carnota-vistas-monte-pindo-121x150.jpg 121w, https:\/\/praiacarnotalodge.com\/wp-content\/uploads\/cabanas-carnota-vistas-monte-pindo-200x248.jpg 200w, https:\/\/praiacarnotalodge.com\/wp-content\/uploads\/cabanas-carnota-vistas-monte-pindo-242x300.jpg 242w, https:\/\/praiacarnotalodge.com\/wp-content\/uploads\/cabanas-carnota-vistas-monte-pindo-400x496.jpg 400w, https:\/\/praiacarnotalodge.com\/wp-content\/uploads\/cabanas-carnota-vistas-monte-pindo.jpg 569w\" sizes=\"(max-width: 569px) 100vw, 569px\" \/><\/div><div class=\"swiper-slide\"><img decoding=\"async\" width=\"608\" height=\"705\" src=\"https:\/\/praiacarnotalodge.com\/wp-content\/uploads\/cabanas-carnota-terraza-hidromasaje.jpg\" class=\"awb-background-slider__image\" alt=\"Terraza de una caba\u00f1a en Carnota con ba\u00f1era de hidromasaje exterior\" srcset=\"https:\/\/praiacarnotalodge.com\/wp-content\/uploads\/cabanas-carnota-terraza-hidromasaje-10x12.jpg 10w, https:\/\/praiacarnotalodge.com\/wp-content\/uploads\/cabanas-carnota-terraza-hidromasaje-129x150.jpg 129w, https:\/\/praiacarnotalodge.com\/wp-content\/uploads\/cabanas-carnota-terraza-hidromasaje-200x232.jpg 200w, https:\/\/praiacarnotalodge.com\/wp-content\/uploads\/cabanas-carnota-terraza-hidromasaje-259x300.jpg 259w, https:\/\/praiacarnotalodge.com\/wp-content\/uploads\/cabanas-carnota-terraza-hidromasaje-400x464.jpg 400w, https:\/\/praiacarnotalodge.com\/wp-content\/uploads\/cabanas-carnota-terraza-hidromasaje-600x696.jpg 600w, https:\/\/praiacarnotalodge.com\/wp-content\/uploads\/cabanas-carnota-terraza-hidromasaje.jpg 608w\" sizes=\"(max-width: 608px) 100vw, 608px\" \/><\/div><div class=\"swiper-slide\"><img decoding=\"async\" width=\"705\" height=\"470\" src=\"https:\/\/praiacarnotalodge.com\/wp-content\/uploads\/cabanas-carnota-cocina-equipada.jpg\" class=\"awb-background-slider__image\" alt=\"Cocina equipada de una caba\u00f1a tur\u00edstica en Carnota A Coru\u00f1a\" srcset=\"https:\/\/praiacarnotalodge.com\/wp-content\/uploads\/cabanas-carnota-cocina-equipada-18x12.jpg 18w, https:\/\/praiacarnotalodge.com\/wp-content\/uploads\/cabanas-carnota-cocina-equipada-150x100.jpg 150w, https:\/\/praiacarnotalodge.com\/wp-content\/uploads\/cabanas-carnota-cocina-equipada-200x133.jpg 200w, https:\/\/praiacarnotalodge.com\/wp-content\/uploads\/cabanas-carnota-cocina-equipada-300x200.jpg 300w, https:\/\/praiacarnotalodge.com\/wp-content\/uploads\/cabanas-carnota-cocina-equipada-400x267.jpg 400w, https:\/\/praiacarnotalodge.com\/wp-content\/uploads\/cabanas-carnota-cocina-equipada-600x400.jpg 600w, https:\/\/praiacarnotalodge.com\/wp-content\/uploads\/cabanas-carnota-cocina-equipada.jpg 705w\" sizes=\"(max-width: 705px) 100vw, 705px\" \/><\/div><div class=\"swiper-slide\"><img decoding=\"async\" width=\"630\" height=\"705\" src=\"https:\/\/praiacarnotalodge.com\/wp-content\/uploads\/praia-carnota-lodge-exterior.jpg\" class=\"awb-background-slider__image\" alt=\"Exterior de Praia Carnota Lodge rodeado de naturaleza en Carnota\" srcset=\"https:\/\/praiacarnotalodge.com\/wp-content\/uploads\/praia-carnota-lodge-exterior-11x12.jpg 11w, https:\/\/praiacarnotalodge.com\/wp-content\/uploads\/praia-carnota-lodge-exterior-134x150.jpg 134w, https:\/\/praiacarnotalodge.com\/wp-content\/uploads\/praia-carnota-lodge-exterior-200x224.jpg 200w, https:\/\/praiacarnotalodge.com\/wp-content\/uploads\/praia-carnota-lodge-exterior-268x300.jpg 268w, https:\/\/praiacarnotalodge.com\/wp-content\/uploads\/praia-carnota-lodge-exterior-400x448.jpg 400w, https:\/\/praiacarnotalodge.com\/wp-content\/uploads\/praia-carnota-lodge-exterior-600x671.jpg 600w, https:\/\/praiacarnotalodge.com\/wp-content\/uploads\/praia-carnota-lodge-exterior.jpg 630w\" sizes=\"(max-width: 630px) 100vw, 630px\" \/><\/div><div class=\"swiper-slide\"><img decoding=\"async\" width=\"705\" height=\"470\" src=\"https:\/\/praiacarnotalodge.com\/wp-content\/uploads\/cabanas-carnota-salon-comedor.jpg\" class=\"awb-background-slider__image\" alt=\"Sal\u00f3n comedor con cocina integrada en una caba\u00f1a de Praia Carnota Lodge\" srcset=\"https:\/\/praiacarnotalodge.com\/wp-content\/uploads\/cabanas-carnota-salon-comedor-18x12.jpg 18w, https:\/\/praiacarnotalodge.com\/wp-content\/uploads\/cabanas-carnota-salon-comedor-150x100.jpg 150w, https:\/\/praiacarnotalodge.com\/wp-content\/uploads\/cabanas-carnota-salon-comedor-200x133.jpg 200w, https:\/\/praiacarnotalodge.com\/wp-content\/uploads\/cabanas-carnota-salon-comedor-300x200.jpg 300w, https:\/\/praiacarnotalodge.com\/wp-content\/uploads\/cabanas-carnota-salon-comedor-400x267.jpg 400w, https:\/\/praiacarnotalodge.com\/wp-content\/uploads\/cabanas-carnota-salon-comedor-600x400.jpg 600w, https:\/\/praiacarnotalodge.com\/wp-content\/uploads\/cabanas-carnota-salon-comedor.jpg 705w\" sizes=\"(max-width: 705px) 100vw, 705px\" \/><\/div><\/div><\/div><\/div><div class=\"fusion-column-wrapper fusion-column-has-shadow fusion-flex-justify-content-flex-start fusion-content-layout-column\"><div class=\"awb-column__content\"><\/div><\/div><\/div><div class=\"fusion-layout-column fusion_builder_column fusion-builder-column-2 fusion_builder_column_1_2 1_2 fusion-flex-column\" style=\"--awb-padding-top:30px;--awb-padding-bottom:30px;--awb-bg-size:cover;--awb-width-large:50%;--awb-margin-top-large:0px;--awb-spacing-right-large:3.84%;--awb-margin-bottom-large:0px;--awb-spacing-left-large:3.84%;--awb-width-medium:50%;--awb-order-medium:0;--awb-spacing-right-medium:3.84%;--awb-spacing-left-medium:3.84%;--awb-width-small:100%;--awb-order-small:0;--awb-spacing-right-small:1.92%;--awb-spacing-left-small:1.92%;\"><div class=\"fusion-column-wrapper fusion-column-has-shadow fusion-flex-justify-content-flex-start fusion-content-layout-column\"><div class=\"fusion-title title fusion-title-2 fusion-sep-none fusion-title-text fusion-title-size-two\" style=\"--awb-font-size:var(--awb-typography1-font-size);\"><h2 class=\"fusion-title-heading title-heading-left fusion-responsive-typography-calculated\" style=\"font-family:var(--awb-typography1-font-family);font-weight:var(--awb-typography1-font-weight);font-style:var(--awb-typography1-font-style);margin:0;letter-spacing:var(--awb-typography1-letter-spacing);text-transform:var(--awb-typography1-text-transform);font-size:1em;--fontSize:56;line-height:var(--awb-typography1-line-height);\">Caba\u00f1a \u00abCarrofeito\u00bb<\/h2><\/div><div class=\"fusion-builder-row fusion-builder-row-inner fusion-row fusion-flex-align-items-flex-start fusion-flex-content-wrap\" style=\"--awb-min-height:no;--awb-min-height-medium:no;--awb-min-height-small:no;width:104% !important;max-width:104% !important;margin-left: calc(-4% \/ 2 );margin-right: calc(-4% \/ 2 );\"><div class=\"fusion-layout-column fusion_builder_column_inner fusion-builder-nested-column-0 fusion_builder_column_inner_1_3 1_3 fusion-flex-column\" style=\"--awb-bg-size:cover;--awb-width-large:33.333333333333%;--awb-margin-top-large:0px;--awb-spacing-right-large:5.76%;--awb-margin-bottom-large:20px;--awb-spacing-left-large:5.76%;--awb-width-medium:33.333333333333%;--awb-order-medium:0;--awb-spacing-right-medium:5.76%;--awb-spacing-left-medium:5.76%;--awb-width-small:100%;--awb-order-small:0;--awb-spacing-right-small:1.92%;--awb-spacing-left-small:1.92%;\"><div class=\"fusion-column-wrapper fusion-column-has-shadow fusion-flex-justify-content-flex-start fusion-content-layout-column\"><ul style=\"--awb-iconcolor:var(--awb-color4);--awb-line-height:27.2px;--awb-icon-width:27.2px;--awb-icon-height:27.2px;--awb-icon-margin:11.2px;--awb-content-margin:38.4px;\" class=\"fusion-checklist fusion-checklist-1 fusion-checklist-default type-icons\"><li class=\"fusion-li-item\" style=\"\"><span class=\"icon-wrapper circle-no\"><i class=\"fusion-li-icon fa-wheelchair fas\" aria-hidden=\"true\"><\/i><\/span><div class=\"fusion-li-item-content\">\n<p>Adaptada<\/p>\n<\/div><\/li><\/ul><\/div><\/div><div class=\"fusion-layout-column fusion_builder_column_inner fusion-builder-nested-column-1 fusion_builder_column_inner_1_3 1_3 fusion-flex-column\" style=\"--awb-bg-size:cover;--awb-width-large:33.333333333333%;--awb-margin-top-large:0px;--awb-spacing-right-large:5.76%;--awb-margin-bottom-large:20px;--awb-spacing-left-large:5.76%;--awb-width-medium:33.333333333333%;--awb-order-medium:0;--awb-spacing-right-medium:5.76%;--awb-spacing-left-medium:5.76%;--awb-width-small:100%;--awb-order-small:0;--awb-spacing-right-small:1.92%;--awb-spacing-left-small:1.92%;\"><div class=\"fusion-column-wrapper fusion-column-has-shadow fusion-flex-justify-content-flex-start fusion-content-layout-column\"><ul style=\"--awb-iconcolor:var(--awb-color4);--awb-line-height:27.2px;--awb-icon-width:27.2px;--awb-icon-height:27.2px;--awb-icon-margin:11.2px;--awb-content-margin:38.4px;\" class=\"fusion-checklist fusion-checklist-2 fusion-checklist-default type-icons\"><li class=\"fusion-li-item\" style=\"\"><span class=\"icon-wrapper circle-no\"><i class=\"fusion-li-icon fa-male fas\" aria-hidden=\"true\"><\/i><\/span><div class=\"fusion-li-item-content\">\n<p>4 Hu\u00e9spedes<\/p>\n<\/div><\/li><\/ul><\/div><\/div><div class=\"fusion-layout-column fusion_builder_column_inner fusion-builder-nested-column-2 fusion_builder_column_inner_1_3 1_3 fusion-flex-column\" style=\"--awb-bg-size:cover;--awb-width-large:33.333333333333%;--awb-margin-top-large:0px;--awb-spacing-right-large:5.76%;--awb-margin-bottom-large:20px;--awb-spacing-left-large:5.76%;--awb-width-medium:33.333333333333%;--awb-order-medium:0;--awb-spacing-right-medium:5.76%;--awb-spacing-left-medium:5.76%;--awb-width-small:100%;--awb-order-small:0;--awb-spacing-right-small:1.92%;--awb-spacing-left-small:1.92%;\"><div class=\"fusion-column-wrapper fusion-column-has-shadow fusion-flex-justify-content-flex-start fusion-content-layout-column\"><ul style=\"--awb-iconcolor:var(--awb-color4);--awb-line-height:27.2px;--awb-icon-width:27.2px;--awb-icon-height:27.2px;--awb-icon-margin:11.2px;--awb-content-margin:38.4px;\" class=\"fusion-checklist fusion-checklist-3 fusion-checklist-default type-icons\"><li class=\"fusion-li-item\" style=\"\"><span class=\"icon-wrapper circle-no\"><i class=\"fusion-li-icon fa-bed fas\" aria-hidden=\"true\"><\/i><\/span><div class=\"fusion-li-item-content\">\n<p>3 Camas<\/p>\n<\/div><\/li><\/ul><\/div><\/div><\/div><div class=\"fusion-text fusion-text-2\" style=\"--awb-content-alignment:justify;\"><p>Acogedora caba\u00f1a de madera rodeada de naturaleza en Galicia. Disfruta de un espacio di\u00e1fano con cama doble, altillo con dos camas peque\u00f1as, cocina equipada, sal\u00f3n y ba\u00f1o con ducha de hidromasaje.<\/p>\n<p>Rel\u00e1jate en la ba\u00f1era hidromasaje o en el balc\u00f3n con vistas al Monte Pindo, el famoso Olimpo Celta, y conecta con la tranquilidad del entorno. Ideal para familias, parejas o escapadas rom\u00e1nticas.<\/p>\n<p>Reserva ahora y vive la experiencia de un alojamiento rural con encanto y todas las comodidades modernas.<\/p>\n<\/div><div ><a class=\"fusion-button button-flat fusion-button-default-size button-custom fusion-button-default button-1 fusion-button-default-span fusion-button-default-type\" style=\"--button_accent_color:var(--awb-color4);--button_border_color:var(--awb-color4);--button_accent_hover_color:var(--awb-color4);--button_border_hover_color:var(--awb-color1);--button_border_width-top:0px;--button_border_width-right:0px;--button_border_width-bottom:1px;--button_border_width-left:0px;--button-border-radius-top-left:0;--button-border-radius-top-right:0;--button-border-radius-bottom-right:0;--button-border-radius-bottom-left:0;--button_gradient_top_color:rgba(255,0,0,0);--button_gradient_bottom_color:rgba(255,0,0,0);--button_gradient_top_color_hover:rgba(255,0,0,0);--button_gradient_bottom_color_hover:rgba(255,0,0,0);--button_text_transform:uppercase;--button_font_size:var(--awb-typography2-font-size);--button_line_height:var(--awb-typography2-line-height);--button_typography-letter-spacing:var(--awb-typography2-letter-spacing);--button_typography-font-family:var(--awb-typography2-font-family);--button_typography-font-weight:var(--awb-typography2-font-weight);--button_typography-font-style:var(--awb-typography2-font-style);\" target=\"_self\" href=\"#\"><span class=\"fusion-button-text awb-button__text awb-button__text--default\">Reserva Ahora<\/span><\/a><\/div><\/div><\/div><\/div><\/div><div class=\"fusion-fullwidth fullwidth-box fusion-builder-row-3 fusion-flex-container has-pattern-background has-mask-background hundred-percent-fullwidth non-hundred-percent-height-scrolling\" style=\"--awb-border-radius-top-left:0px;--awb-border-radius-top-right:0px;--awb-border-radius-bottom-right:0px;--awb-border-radius-bottom-left:0px;--awb-padding-right:0px;--awb-padding-right-small:30px;--awb-margin-top:100px;--awb-margin-bottom:100px;--awb-flex-wrap:wrap;\" ><div class=\"fusion-builder-row fusion-row fusion-flex-align-items-flex-start fusion-flex-justify-content-flex-end fusion-flex-content-wrap\" style=\"width:104% !important;max-width:104% !important;margin-left: calc(-4% \/ 2 );margin-right: calc(-4% \/ 2 );\"><div class=\"fusion-layout-column fusion_builder_column fusion-builder-column-3 fusion_builder_column_1_2 1_2 fusion-flex-column\" style=\"--awb-padding-top:30px;--awb-padding-bottom:30px;--awb-bg-size:cover;--awb-width-large:50%;--awb-margin-top-large:0px;--awb-spacing-right-large:80px;--awb-margin-bottom-large:0px;--awb-spacing-left-large:3.84%;--awb-width-medium:50%;--awb-order-medium:0;--awb-spacing-right-medium:80px;--awb-spacing-left-medium:3.84%;--awb-width-small:100%;--awb-order-small:1;--awb-spacing-right-small:1.92%;--awb-spacing-left-small:1.92%;\"><div class=\"fusion-column-wrapper fusion-column-has-shadow fusion-flex-justify-content-flex-start fusion-content-layout-column\"><div class=\"fusion-title title fusion-title-3 fusion-sep-none fusion-title-text fusion-title-size-two\" style=\"--awb-margin-top:0px;--awb-font-size:var(--awb-typography1-font-size);\"><h2 class=\"fusion-title-heading title-heading-left fusion-responsive-typography-calculated\" style=\"font-family:var(--awb-typography1-font-family);font-weight:var(--awb-typography1-font-weight);font-style:var(--awb-typography1-font-style);margin:0;letter-spacing:var(--awb-typography1-letter-spacing);text-transform:var(--awb-typography1-text-transform);font-size:1em;--fontSize:56;line-height:var(--awb-typography1-line-height);\">Caba\u00f1a \u00abA Laghoa\u00bb<\/h2><\/div><div class=\"fusion-builder-row fusion-builder-row-inner fusion-row fusion-flex-align-items-flex-start fusion-flex-justify-content-flex-end fusion-flex-content-wrap\" style=\"--awb-min-height:no;--awb-min-height-medium:no;--awb-min-height-small:no;width:104% !important;max-width:104% !important;margin-left: calc(-4% \/ 2 );margin-right: calc(-4% \/ 2 );\"><div class=\"fusion-layout-column fusion_builder_column_inner fusion-builder-nested-column-3 fusion_builder_column_inner_1_3 1_3 fusion-flex-column\" style=\"--awb-bg-size:cover;--awb-width-large:33.333333333333%;--awb-margin-top-large:0px;--awb-spacing-right-large:5.76%;--awb-margin-bottom-large:20px;--awb-spacing-left-large:5.76%;--awb-width-medium:33.333333333333%;--awb-order-medium:0;--awb-spacing-right-medium:5.76%;--awb-spacing-left-medium:5.76%;--awb-width-small:100%;--awb-order-small:0;--awb-spacing-right-small:1.92%;--awb-spacing-left-small:1.92%;\"><div class=\"fusion-column-wrapper fusion-column-has-shadow fusion-flex-justify-content-flex-start fusion-content-layout-column\"><ul style=\"--awb-iconcolor:var(--awb-color4);--awb-line-height:27.2px;--awb-icon-width:27.2px;--awb-icon-height:27.2px;--awb-icon-margin:11.2px;--awb-content-margin:38.4px;\" class=\"fusion-checklist fusion-checklist-4 fusion-checklist-default type-icons\"><li class=\"fusion-li-item\" style=\"\"><span class=\"icon-wrapper circle-no\"><i class=\"fusion-li-icon fa-male fas\" aria-hidden=\"true\"><\/i><\/span><div class=\"fusion-li-item-content\">\n<p>4 Hu\u00e9spedes<\/p>\n<\/div><\/li><\/ul><\/div><\/div><div class=\"fusion-layout-column fusion_builder_column_inner fusion-builder-nested-column-4 fusion_builder_column_inner_1_3 1_3 fusion-flex-column\" style=\"--awb-bg-size:cover;--awb-width-large:33.333333333333%;--awb-margin-top-large:0px;--awb-spacing-right-large:5.76%;--awb-margin-bottom-large:20px;--awb-spacing-left-large:5.76%;--awb-width-medium:33.333333333333%;--awb-order-medium:0;--awb-spacing-right-medium:5.76%;--awb-spacing-left-medium:5.76%;--awb-width-small:100%;--awb-order-small:0;--awb-spacing-right-small:1.92%;--awb-spacing-left-small:1.92%;\"><div class=\"fusion-column-wrapper fusion-column-has-shadow fusion-flex-justify-content-flex-start fusion-content-layout-column\"><ul style=\"--awb-iconcolor:var(--awb-color4);--awb-line-height:27.2px;--awb-icon-width:27.2px;--awb-icon-height:27.2px;--awb-icon-margin:11.2px;--awb-content-margin:38.4px;\" class=\"fusion-checklist fusion-checklist-5 fusion-checklist-default type-icons\"><li class=\"fusion-li-item\" style=\"\"><span class=\"icon-wrapper circle-no\"><i class=\"fusion-li-icon fa-bed fas\" aria-hidden=\"true\"><\/i><\/span><div class=\"fusion-li-item-content\">\n<p>3 Camas<\/p>\n<\/div><\/li><\/ul><\/div><\/div><div class=\"fusion-layout-column fusion_builder_column_inner fusion-builder-nested-column-5 fusion_builder_column_inner_1_3 1_3 fusion-flex-column\" style=\"--awb-bg-size:cover;--awb-width-large:33.333333333333%;--awb-margin-top-large:0px;--awb-spacing-right-large:5.76%;--awb-margin-bottom-large:20px;--awb-spacing-left-large:5.76%;--awb-width-medium:33.333333333333%;--awb-order-medium:0;--awb-spacing-right-medium:5.76%;--awb-spacing-left-medium:5.76%;--awb-width-small:100%;--awb-order-small:0;--awb-spacing-right-small:1.92%;--awb-spacing-left-small:1.92%;\"><div class=\"fusion-column-wrapper fusion-column-has-shadow fusion-flex-justify-content-flex-start fusion-content-layout-column\"><ul style=\"--awb-iconcolor:var(--awb-color4);--awb-line-height:27.2px;--awb-icon-width:27.2px;--awb-icon-height:27.2px;--awb-icon-margin:11.2px;--awb-content-margin:38.4px;\" class=\"fusion-checklist fusion-checklist-6 fusion-checklist-default type-icons\"><li class=\"fusion-li-item\" style=\"\"><span class=\"icon-wrapper circle-no\"><i class=\"fusion-li-icon fa-utensils fas\" aria-hidden=\"true\"><\/i><\/span><div class=\"fusion-li-item-content\">Sal\u00f3n Comedor<\/div><\/li><\/ul><\/div><\/div><\/div><div class=\"fusion-text fusion-text-3\" style=\"--awb-content-alignment:justify;\"><p>Acogedora caba\u00f1a de madera rodeada de naturaleza en Galicia. Disfruta de un espacio di\u00e1fano con cama doble, altillo con dos camas peque\u00f1as, cocina equipada, sal\u00f3n y ba\u00f1o con ducha de hidromasaje.<\/p>\n<p>Rel\u00e1jate en la ba\u00f1era hidromasaje o en el balc\u00f3n con vistas al Monte Pindo, el famoso Olimpo Celta, y conecta con la tranquilidad del entorno. Ideal para familias, parejas o escapadas rom\u00e1nticas.<\/p>\n<p>Reserva ahora y vive la experiencia de un alojamiento rural con encanto y todas las comodidades modernas.<\/p>\n<\/div><div ><a class=\"fusion-button button-flat fusion-button-default-size button-custom fusion-button-default button-2 fusion-button-default-span fusion-button-default-type\" style=\"--button_accent_color:var(--awb-color4);--button_border_color:var(--awb-color4);--button_accent_hover_color:var(--awb-color4);--button_border_hover_color:var(--awb-color1);--button_border_width-top:0px;--button_border_width-right:0px;--button_border_width-bottom:1px;--button_border_width-left:0px;--button-border-radius-top-left:0;--button-border-radius-top-right:0;--button-border-radius-bottom-right:0;--button-border-radius-bottom-left:0;--button_gradient_top_color:rgba(255,0,0,0);--button_gradient_bottom_color:rgba(255,0,0,0);--button_gradient_top_color_hover:rgba(255,0,0,0);--button_gradient_bottom_color_hover:rgba(255,0,0,0);--button_text_transform:uppercase;--button_font_size:var(--awb-typography2-font-size);--button_line_height:var(--awb-typography2-line-height);--button_typography-letter-spacing:var(--awb-typography2-letter-spacing);--button_typography-font-family:var(--awb-typography2-font-family);--button_typography-font-weight:var(--awb-typography2-font-weight);--button_typography-font-style:var(--awb-typography2-font-style);\" target=\"_self\" href=\"#\"><span class=\"fusion-button-text awb-button__text awb-button__text--default\">Reserva Ahora<\/span><\/a><\/div><\/div><\/div><div class=\"fusion-layout-column fusion_builder_column fusion-builder-column-4 fusion_builder_column_2_5 2_5 fusion-flex-column fusion-flex-align-self-stretch\" style=\"--awb-padding-top-small:100px;--awb-padding-bottom-small:100px;--awb-overflow:hidden;--awb-bg-position:center center;--awb-bg-size:cover;--awb-border-radius:20px 0px 0px 20px;--awb-width-large:40%;--awb-margin-top-large:0px;--awb-spacing-right-large:4.8%;--awb-margin-bottom-large:0PX;--awb-spacing-left-large:4.8%;--awb-width-medium:40%;--awb-order-medium:0;--awb-spacing-right-medium:4.8%;--awb-spacing-left-medium:4.8%;--awb-width-small:100%;--awb-order-small:0;--awb-spacing-right-small:1.92%;--awb-spacing-left-small:1.92%;\"><div class=\"awb-column__background-slider\" ><div class=\"awb-background-slider\" data-type=\"column\" data-loop=\"yes\" data-animation=\"fade\" data-slideshow-speed=\"5000\" data-animation-speed=\"800\" data-direction=\"up\" style=\"--awb-image-position:50% 50%;\"><div class=\"swiper-wrapper\"><div class=\"swiper-slide\"><img decoding=\"async\" width=\"705\" height=\"470\" src=\"https:\/\/praiacarnotalodge.com\/wp-content\/uploads\/cabanas-carnota-jardin-privado.jpg\" class=\"awb-background-slider__image\" alt=\"Jard\u00edn privado de Praia Carnota Lodge en un entorno tranquilo y natural\" srcset=\"https:\/\/praiacarnotalodge.com\/wp-content\/uploads\/cabanas-carnota-jardin-privado-18x12.jpg 18w, https:\/\/praiacarnotalodge.com\/wp-content\/uploads\/cabanas-carnota-jardin-privado-150x100.jpg 150w, https:\/\/praiacarnotalodge.com\/wp-content\/uploads\/cabanas-carnota-jardin-privado-200x133.jpg 200w, https:\/\/praiacarnotalodge.com\/wp-content\/uploads\/cabanas-carnota-jardin-privado-300x200.jpg 300w, https:\/\/praiacarnotalodge.com\/wp-content\/uploads\/cabanas-carnota-jardin-privado-400x267.jpg 400w, https:\/\/praiacarnotalodge.com\/wp-content\/uploads\/cabanas-carnota-jardin-privado-600x400.jpg 600w, https:\/\/praiacarnotalodge.com\/wp-content\/uploads\/cabanas-carnota-jardin-privado.jpg 705w\" sizes=\"(max-width: 705px) 100vw, 705px\" \/><\/div><div class=\"swiper-slide\"><img decoding=\"async\" width=\"705\" height=\"470\" src=\"https:\/\/praiacarnotalodge.com\/wp-content\/uploads\/cabanas-carnota-camas-individuales.jpg\" class=\"awb-background-slider__image\" alt=\"Planta alta con dos camas individuales en una caba\u00f1a en Carnota\" srcset=\"https:\/\/praiacarnotalodge.com\/wp-content\/uploads\/cabanas-carnota-camas-individuales-18x12.jpg 18w, https:\/\/praiacarnotalodge.com\/wp-content\/uploads\/cabanas-carnota-camas-individuales-150x100.jpg 150w, https:\/\/praiacarnotalodge.com\/wp-content\/uploads\/cabanas-carnota-camas-individuales-200x133.jpg 200w, https:\/\/praiacarnotalodge.com\/wp-content\/uploads\/cabanas-carnota-camas-individuales-300x200.jpg 300w, https:\/\/praiacarnotalodge.com\/wp-content\/uploads\/cabanas-carnota-camas-individuales-400x267.jpg 400w, https:\/\/praiacarnotalodge.com\/wp-content\/uploads\/cabanas-carnota-camas-individuales-600x400.jpg 600w, https:\/\/praiacarnotalodge.com\/wp-content\/uploads\/cabanas-carnota-camas-individuales.jpg 705w\" sizes=\"(max-width: 705px) 100vw, 705px\" \/><\/div><div class=\"swiper-slide\"><img decoding=\"async\" width=\"470\" height=\"705\" src=\"https:\/\/praiacarnotalodge.com\/wp-content\/uploads\/cabanas-carnota-parking-privado.jpg\" class=\"awb-background-slider__image\" alt=\"Parking privado junto a las caba\u00f1as de Praia Carnota Lodge\" srcset=\"https:\/\/praiacarnotalodge.com\/wp-content\/uploads\/cabanas-carnota-parking-privado-8x12.jpg 8w, https:\/\/praiacarnotalodge.com\/wp-content\/uploads\/cabanas-carnota-parking-privado-100x150.jpg 100w, https:\/\/praiacarnotalodge.com\/wp-content\/uploads\/cabanas-carnota-parking-privado-200x300.jpg 200w, https:\/\/praiacarnotalodge.com\/wp-content\/uploads\/cabanas-carnota-parking-privado-400x600.jpg 400w, https:\/\/praiacarnotalodge.com\/wp-content\/uploads\/cabanas-carnota-parking-privado.jpg 470w\" sizes=\"(max-width: 470px) 100vw, 470px\" \/><\/div><div class=\"swiper-slide\"><img decoding=\"async\" width=\"608\" height=\"705\" src=\"https:\/\/praiacarnotalodge.com\/wp-content\/uploads\/cabanas-carnota-bano-ducha-hidromasaje.jpg\" class=\"awb-background-slider__image\" alt=\"Ba\u00f1o con ducha de hidromasaje en una caba\u00f1a de Carnota\" srcset=\"https:\/\/praiacarnotalodge.com\/wp-content\/uploads\/cabanas-carnota-bano-ducha-hidromasaje-10x12.jpg 10w, https:\/\/praiacarnotalodge.com\/wp-content\/uploads\/cabanas-carnota-bano-ducha-hidromasaje-129x150.jpg 129w, https:\/\/praiacarnotalodge.com\/wp-content\/uploads\/cabanas-carnota-bano-ducha-hidromasaje-200x232.jpg 200w, https:\/\/praiacarnotalodge.com\/wp-content\/uploads\/cabanas-carnota-bano-ducha-hidromasaje-259x300.jpg 259w, https:\/\/praiacarnotalodge.com\/wp-content\/uploads\/cabanas-carnota-bano-ducha-hidromasaje-400x464.jpg 400w, https:\/\/praiacarnotalodge.com\/wp-content\/uploads\/cabanas-carnota-bano-ducha-hidromasaje-600x696.jpg 600w, https:\/\/praiacarnotalodge.com\/wp-content\/uploads\/cabanas-carnota-bano-ducha-hidromasaje.jpg 608w\" sizes=\"(max-width: 608px) 100vw, 608px\" \/><\/div><div class=\"swiper-slide\"><img decoding=\"async\" width=\"559\" height=\"705\" src=\"https:\/\/praiacarnotalodge.com\/wp-content\/uploads\/cabanas-carnota-dormitorio-cama-150.jpg\" class=\"awb-background-slider__image\" alt=\"Dormitorio con cama de 1,50 m en una caba\u00f1a de Praia Carnota Lodge\" srcset=\"https:\/\/praiacarnotalodge.com\/wp-content\/uploads\/cabanas-carnota-dormitorio-cama-150-10x12.jpg 10w, https:\/\/praiacarnotalodge.com\/wp-content\/uploads\/cabanas-carnota-dormitorio-cama-150-119x150.jpg 119w, https:\/\/praiacarnotalodge.com\/wp-content\/uploads\/cabanas-carnota-dormitorio-cama-150-200x252.jpg 200w, https:\/\/praiacarnotalodge.com\/wp-content\/uploads\/cabanas-carnota-dormitorio-cama-150-238x300.jpg 238w, https:\/\/praiacarnotalodge.com\/wp-content\/uploads\/cabanas-carnota-dormitorio-cama-150-400x504.jpg 400w, https:\/\/praiacarnotalodge.com\/wp-content\/uploads\/cabanas-carnota-dormitorio-cama-150.jpg 559w\" sizes=\"(max-width: 559px) 100vw, 559px\" \/><\/div><\/div><\/div><\/div><div class=\"fusion-column-wrapper fusion-column-has-shadow fusion-flex-justify-content-flex-start fusion-content-layout-column\"><div class=\"awb-column__content\"><\/div><\/div><\/div><\/div><\/div><div class=\"fusion-fullwidth fullwidth-box fusion-builder-row-4 fusion-flex-container has-pattern-background has-mask-background hundred-percent-fullwidth non-hundred-percent-height-scrolling\" style=\"--awb-border-radius-top-left:0px;--awb-border-radius-top-right:0px;--awb-border-radius-bottom-right:0px;--awb-border-radius-bottom-left:0px;--awb-padding-left:0px;--awb-padding-left-small:30px;--awb-margin-top:100px;--awb-margin-bottom:100px;--awb-flex-wrap:wrap;\" ><div class=\"fusion-builder-row fusion-row fusion-flex-align-items-flex-start fusion-flex-content-wrap\" style=\"width:104% !important;max-width:104% !important;margin-left: calc(-4% \/ 2 );margin-right: calc(-4% \/ 2 );\"><div class=\"fusion-layout-column fusion_builder_column fusion-builder-column-5 fusion_builder_column_2_5 2_5 fusion-flex-column fusion-flex-align-self-stretch\" style=\"--awb-padding-top-small:100px;--awb-padding-bottom-small:100px;--awb-overflow:hidden;--awb-bg-position:center center;--awb-bg-size:cover;--awb-border-radius:0px 20px 20px 0px;--awb-width-large:40%;--awb-margin-top-large:0px;--awb-spacing-right-large:4.8%;--awb-margin-bottom-large:0PX;--awb-spacing-left-large:4.8%;--awb-width-medium:40%;--awb-order-medium:0;--awb-spacing-right-medium:4.8%;--awb-spacing-left-medium:4.8%;--awb-width-small:100%;--awb-order-small:0;--awb-spacing-right-small:1.92%;--awb-spacing-left-small:1.92%;\"><div class=\"awb-column__background-slider\" ><div class=\"awb-background-slider\" data-type=\"column\" data-loop=\"yes\" data-animation=\"fade\" data-slideshow-speed=\"5000\" data-animation-speed=\"800\" data-direction=\"up\" style=\"--awb-image-position:50% 50%;\"><div class=\"swiper-wrapper\"><div class=\"swiper-slide\"><img decoding=\"async\" width=\"705\" height=\"470\" src=\"https:\/\/praiacarnotalodge.com\/wp-content\/uploads\/cabanas-carnota-accesible-pmr.jpg\" class=\"awb-background-slider__image\" alt=\"Caba\u00f1a adaptada para personas con movilidad reducida en Praia Carnota Lodge\" srcset=\"https:\/\/praiacarnotalodge.com\/wp-content\/uploads\/cabanas-carnota-accesible-pmr-18x12.jpg 18w, https:\/\/praiacarnotalodge.com\/wp-content\/uploads\/cabanas-carnota-accesible-pmr-150x100.jpg 150w, https:\/\/praiacarnotalodge.com\/wp-content\/uploads\/cabanas-carnota-accesible-pmr-200x133.jpg 200w, https:\/\/praiacarnotalodge.com\/wp-content\/uploads\/cabanas-carnota-accesible-pmr-300x200.jpg 300w, https:\/\/praiacarnotalodge.com\/wp-content\/uploads\/cabanas-carnota-accesible-pmr-400x267.jpg 400w, https:\/\/praiacarnotalodge.com\/wp-content\/uploads\/cabanas-carnota-accesible-pmr-600x400.jpg 600w, https:\/\/praiacarnotalodge.com\/wp-content\/uploads\/cabanas-carnota-accesible-pmr.jpg 705w\" sizes=\"(max-width: 705px) 100vw, 705px\" \/><\/div><div class=\"swiper-slide\"><img decoding=\"async\" width=\"569\" height=\"705\" src=\"https:\/\/praiacarnotalodge.com\/wp-content\/uploads\/cabanas-carnota-familias.jpg\" class=\"awb-background-slider__image\" alt=\"Caba\u00f1a tur\u00edstica en Carnota ideal para familias de hasta 4 personas\" srcset=\"https:\/\/praiacarnotalodge.com\/wp-content\/uploads\/cabanas-carnota-familias-10x12.jpg 10w, https:\/\/praiacarnotalodge.com\/wp-content\/uploads\/cabanas-carnota-familias-121x150.jpg 121w, https:\/\/praiacarnotalodge.com\/wp-content\/uploads\/cabanas-carnota-familias-200x248.jpg 200w, https:\/\/praiacarnotalodge.com\/wp-content\/uploads\/cabanas-carnota-familias-242x300.jpg 242w, https:\/\/praiacarnotalodge.com\/wp-content\/uploads\/cabanas-carnota-familias-400x496.jpg 400w, https:\/\/praiacarnotalodge.com\/wp-content\/uploads\/cabanas-carnota-familias.jpg 569w\" sizes=\"(max-width: 569px) 100vw, 569px\" \/><\/div><div class=\"swiper-slide\"><img decoding=\"async\" width=\"608\" height=\"705\" src=\"https:\/\/praiacarnotalodge.com\/wp-content\/uploads\/cabanas-carnota-acceso-adaptado.jpg\" class=\"awb-background-slider__image\" alt=\"Acceso adaptado a una caba\u00f1a de Praia Carnota Lodge\" srcset=\"https:\/\/praiacarnotalodge.com\/wp-content\/uploads\/cabanas-carnota-acceso-adaptado-10x12.jpg 10w, https:\/\/praiacarnotalodge.com\/wp-content\/uploads\/cabanas-carnota-acceso-adaptado-129x150.jpg 129w, https:\/\/praiacarnotalodge.com\/wp-content\/uploads\/cabanas-carnota-acceso-adaptado-200x232.jpg 200w, https:\/\/praiacarnotalodge.com\/wp-content\/uploads\/cabanas-carnota-acceso-adaptado-259x300.jpg 259w, https:\/\/praiacarnotalodge.com\/wp-content\/uploads\/cabanas-carnota-acceso-adaptado-400x464.jpg 400w, https:\/\/praiacarnotalodge.com\/wp-content\/uploads\/cabanas-carnota-acceso-adaptado-600x696.jpg 600w, https:\/\/praiacarnotalodge.com\/wp-content\/uploads\/cabanas-carnota-acceso-adaptado.jpg 608w\" sizes=\"(max-width: 608px) 100vw, 608px\" \/><\/div><div class=\"swiper-slide\"><img decoding=\"async\" width=\"705\" height=\"470\" src=\"https:\/\/praiacarnotalodge.com\/wp-content\/uploads\/cabanas-carnota-descanso-pareja.jpg\" class=\"awb-background-slider__image\" alt=\"Caba\u00f1a en Carnota pensada para escapadas en pareja y descanso\" srcset=\"https:\/\/praiacarnotalodge.com\/wp-content\/uploads\/cabanas-carnota-descanso-pareja-18x12.jpg 18w, https:\/\/praiacarnotalodge.com\/wp-content\/uploads\/cabanas-carnota-descanso-pareja-150x100.jpg 150w, https:\/\/praiacarnotalodge.com\/wp-content\/uploads\/cabanas-carnota-descanso-pareja-200x133.jpg 200w, https:\/\/praiacarnotalodge.com\/wp-content\/uploads\/cabanas-carnota-descanso-pareja-300x200.jpg 300w, https:\/\/praiacarnotalodge.com\/wp-content\/uploads\/cabanas-carnota-descanso-pareja-400x267.jpg 400w, https:\/\/praiacarnotalodge.com\/wp-content\/uploads\/cabanas-carnota-descanso-pareja-600x400.jpg 600w, https:\/\/praiacarnotalodge.com\/wp-content\/uploads\/cabanas-carnota-descanso-pareja.jpg 705w\" sizes=\"(max-width: 705px) 100vw, 705px\" \/><\/div><div class=\"swiper-slide\"><img decoding=\"async\" width=\"705\" height=\"470\" src=\"https:\/\/praiacarnotalodge.com\/wp-content\/uploads\/cabanas-carnota-atardecer-terraza.jpg\" class=\"awb-background-slider__image\" alt=\"Terraza de una caba\u00f1a en Carnota al atardecer con ambiente relajante\" srcset=\"https:\/\/praiacarnotalodge.com\/wp-content\/uploads\/cabanas-carnota-atardecer-terraza-18x12.jpg 18w, https:\/\/praiacarnotalodge.com\/wp-content\/uploads\/cabanas-carnota-atardecer-terraza-150x100.jpg 150w, https:\/\/praiacarnotalodge.com\/wp-content\/uploads\/cabanas-carnota-atardecer-terraza-200x133.jpg 200w, https:\/\/praiacarnotalodge.com\/wp-content\/uploads\/cabanas-carnota-atardecer-terraza-300x200.jpg 300w, https:\/\/praiacarnotalodge.com\/wp-content\/uploads\/cabanas-carnota-atardecer-terraza-400x267.jpg 400w, https:\/\/praiacarnotalodge.com\/wp-content\/uploads\/cabanas-carnota-atardecer-terraza-600x400.jpg 600w, https:\/\/praiacarnotalodge.com\/wp-content\/uploads\/cabanas-carnota-atardecer-terraza.jpg 705w\" sizes=\"(max-width: 705px) 100vw, 705px\" \/><\/div><\/div><\/div><\/div><div class=\"fusion-column-wrapper fusion-column-has-shadow fusion-flex-justify-content-flex-start fusion-content-layout-column\"><div class=\"awb-column__content\"><\/div><\/div><\/div><div class=\"fusion-layout-column fusion_builder_column fusion-builder-column-6 fusion_builder_column_1_2 1_2 fusion-flex-column\" style=\"--awb-padding-top:30px;--awb-padding-bottom:30px;--awb-bg-size:cover;--awb-width-large:50%;--awb-margin-top-large:0px;--awb-spacing-right-large:3.84%;--awb-margin-bottom-large:0px;--awb-spacing-left-large:3.84%;--awb-width-medium:50%;--awb-order-medium:0;--awb-spacing-right-medium:3.84%;--awb-spacing-left-medium:3.84%;--awb-width-small:100%;--awb-order-small:0;--awb-spacing-right-small:1.92%;--awb-spacing-left-small:1.92%;\"><div class=\"fusion-column-wrapper fusion-column-has-shadow fusion-flex-justify-content-flex-start fusion-content-layout-column\"><div class=\"fusion-title title fusion-title-4 fusion-sep-none fusion-title-text fusion-title-size-two\" style=\"--awb-font-size:var(--awb-typography1-font-size);\"><h2 class=\"fusion-title-heading title-heading-left fusion-responsive-typography-calculated\" style=\"font-family:var(--awb-typography1-font-family);font-weight:var(--awb-typography1-font-weight);font-style:var(--awb-typography1-font-style);margin:0;letter-spacing:var(--awb-typography1-letter-spacing);text-transform:var(--awb-typography1-text-transform);font-size:1em;--fontSize:56;line-height:var(--awb-typography1-line-height);\">Caba\u00f1a \u00abO Sinal\u00bb<\/h2><\/div><div class=\"fusion-builder-row fusion-builder-row-inner fusion-row fusion-flex-align-items-flex-start fusion-flex-content-wrap\" style=\"--awb-min-height:no;--awb-min-height-medium:no;--awb-min-height-small:no;width:104% !important;max-width:104% !important;margin-left: calc(-4% \/ 2 );margin-right: calc(-4% \/ 2 );\"><div class=\"fusion-layout-column fusion_builder_column_inner fusion-builder-nested-column-6 fusion_builder_column_inner_1_3 1_3 fusion-flex-column\" style=\"--awb-bg-size:cover;--awb-width-large:33.333333333333%;--awb-margin-top-large:0px;--awb-spacing-right-large:5.76%;--awb-margin-bottom-large:20px;--awb-spacing-left-large:5.76%;--awb-width-medium:33.333333333333%;--awb-order-medium:0;--awb-spacing-right-medium:5.76%;--awb-spacing-left-medium:5.76%;--awb-width-small:100%;--awb-order-small:0;--awb-spacing-right-small:1.92%;--awb-spacing-left-small:1.92%;\"><div class=\"fusion-column-wrapper fusion-column-has-shadow fusion-flex-justify-content-flex-start fusion-content-layout-column\"><ul style=\"--awb-iconcolor:var(--awb-color4);--awb-line-height:27.2px;--awb-icon-width:27.2px;--awb-icon-height:27.2px;--awb-icon-margin:11.2px;--awb-content-margin:38.4px;\" class=\"fusion-checklist fusion-checklist-7 fusion-checklist-default type-icons\"><li class=\"fusion-li-item\" style=\"\"><span class=\"icon-wrapper circle-no\"><i class=\"fusion-li-icon fa-male fas\" aria-hidden=\"true\"><\/i><\/span><div class=\"fusion-li-item-content\">\n<p>4 Hu\u00e9spedes<\/p>\n<\/div><\/li><\/ul><\/div><\/div><div class=\"fusion-layout-column fusion_builder_column_inner fusion-builder-nested-column-7 fusion_builder_column_inner_1_3 1_3 fusion-flex-column\" style=\"--awb-bg-size:cover;--awb-width-large:33.333333333333%;--awb-margin-top-large:0px;--awb-spacing-right-large:5.76%;--awb-margin-bottom-large:20px;--awb-spacing-left-large:5.76%;--awb-width-medium:33.333333333333%;--awb-order-medium:0;--awb-spacing-right-medium:5.76%;--awb-spacing-left-medium:5.76%;--awb-width-small:100%;--awb-order-small:0;--awb-spacing-right-small:1.92%;--awb-spacing-left-small:1.92%;\"><div class=\"fusion-column-wrapper fusion-column-has-shadow fusion-flex-justify-content-flex-start fusion-content-layout-column\"><ul style=\"--awb-iconcolor:var(--awb-color4);--awb-line-height:27.2px;--awb-icon-width:27.2px;--awb-icon-height:27.2px;--awb-icon-margin:11.2px;--awb-content-margin:38.4px;\" class=\"fusion-checklist fusion-checklist-8 fusion-checklist-default type-icons\"><li class=\"fusion-li-item\" style=\"\"><span class=\"icon-wrapper circle-no\"><i class=\"fusion-li-icon fa-bed fas\" aria-hidden=\"true\"><\/i><\/span><div class=\"fusion-li-item-content\">\n<p>3 Camas<\/p>\n<\/div><\/li><\/ul><\/div><\/div><div class=\"fusion-layout-column fusion_builder_column_inner fusion-builder-nested-column-8 fusion_builder_column_inner_1_3 1_3 fusion-flex-column\" style=\"--awb-bg-size:cover;--awb-width-large:33.333333333333%;--awb-margin-top-large:0px;--awb-spacing-right-large:5.76%;--awb-margin-bottom-large:20px;--awb-spacing-left-large:5.76%;--awb-width-medium:33.333333333333%;--awb-order-medium:0;--awb-spacing-right-medium:5.76%;--awb-spacing-left-medium:5.76%;--awb-width-small:100%;--awb-order-small:0;--awb-spacing-right-small:1.92%;--awb-spacing-left-small:1.92%;\"><div class=\"fusion-column-wrapper fusion-column-has-shadow fusion-flex-justify-content-flex-start fusion-content-layout-column\"><ul style=\"--awb-iconcolor:var(--awb-color4);--awb-line-height:27.2px;--awb-icon-width:27.2px;--awb-icon-height:27.2px;--awb-icon-margin:11.2px;--awb-content-margin:38.4px;\" class=\"fusion-checklist fusion-checklist-9 fusion-checklist-default type-icons\"><li class=\"fusion-li-item\" style=\"\"><span class=\"icon-wrapper circle-no\"><i class=\"fusion-li-icon fa-utensils fas\" aria-hidden=\"true\"><\/i><\/span><div class=\"fusion-li-item-content\">Sal\u00f3n Comedor<\/div><\/li><\/ul><\/div><\/div><\/div><div class=\"fusion-text fusion-text-4\" style=\"--awb-content-alignment:justify;\"><p>Acogedora caba\u00f1a de madera rodeada de naturaleza en Galicia. Disfruta de un espacio di\u00e1fano con cama doble, altillo con dos camas peque\u00f1as, cocina equipada, sal\u00f3n y ba\u00f1o con ducha de hidromasaje.<\/p>\n<p>Rel\u00e1jate en la ba\u00f1era hidromasaje o en el balc\u00f3n con vistas al Monte Pindo, el famoso Olimpo Celta, y conecta con la tranquilidad del entorno. Ideal para familias, parejas o escapadas rom\u00e1nticas.<\/p>\n<p>Reserva ahora y vive la experiencia de un alojamiento rural con encanto y todas las comodidades modernas.<\/p>\n<\/div><div ><a class=\"fusion-button button-flat fusion-button-default-size button-custom fusion-button-default button-3 fusion-button-default-span fusion-button-default-type\" style=\"--button_accent_color:var(--awb-color4);--button_border_color:var(--awb-color4);--button_accent_hover_color:var(--awb-color4);--button_border_hover_color:var(--awb-color1);--button_border_width-top:0px;--button_border_width-right:0px;--button_border_width-bottom:1px;--button_border_width-left:0px;--button-border-radius-top-left:0;--button-border-radius-top-right:0;--button-border-radius-bottom-right:0;--button-border-radius-bottom-left:0;--button_gradient_top_color:rgba(255,0,0,0);--button_gradient_bottom_color:rgba(255,0,0,0);--button_gradient_top_color_hover:rgba(255,0,0,0);--button_gradient_bottom_color_hover:rgba(255,0,0,0);--button_text_transform:uppercase;--button_font_size:var(--awb-typography2-font-size);--button_line_height:var(--awb-typography2-line-height);--button_typography-letter-spacing:var(--awb-typography2-letter-spacing);--button_typography-font-family:var(--awb-typography2-font-family);--button_typography-font-weight:var(--awb-typography2-font-weight);--button_typography-font-style:var(--awb-typography2-font-style);\" target=\"_self\" href=\"#\"><span class=\"fusion-button-text awb-button__text awb-button__text--default\">Reserva Ahora<\/span><\/a><\/div><\/div><\/div><\/div><\/div><div class=\"fusion-fullwidth fullwidth-box fusion-builder-row-5 fusion-flex-container has-pattern-background has-mask-background hundred-percent-fullwidth non-hundred-percent-height-scrolling\" style=\"--awb-border-radius-top-left:0px;--awb-border-radius-top-right:0px;--awb-border-radius-bottom-right:0px;--awb-border-radius-bottom-left:0px;--awb-padding-right:0px;--awb-padding-right-small:30px;--awb-margin-top:100px;--awb-margin-bottom:100px;--awb-flex-wrap:wrap;\" ><div class=\"fusion-builder-row fusion-row fusion-flex-align-items-flex-start fusion-flex-justify-content-flex-end fusion-flex-content-wrap\" style=\"width:104% !important;max-width:104% !important;margin-left: calc(-4% \/ 2 );margin-right: calc(-4% \/ 2 );\"><div class=\"fusion-layout-column fusion_builder_column fusion-builder-column-7 fusion_builder_column_1_2 1_2 fusion-flex-column\" style=\"--awb-padding-top:30px;--awb-padding-bottom:30px;--awb-bg-size:cover;--awb-width-large:50%;--awb-margin-top-large:0px;--awb-spacing-right-large:80px;--awb-margin-bottom-large:0px;--awb-spacing-left-large:3.84%;--awb-width-medium:50%;--awb-order-medium:0;--awb-spacing-right-medium:80px;--awb-spacing-left-medium:3.84%;--awb-width-small:100%;--awb-order-small:1;--awb-spacing-right-small:1.92%;--awb-spacing-left-small:1.92%;\"><div class=\"fusion-column-wrapper fusion-column-has-shadow fusion-flex-justify-content-flex-start fusion-content-layout-column\"><div class=\"fusion-title title fusion-title-5 fusion-sep-none fusion-title-text fusion-title-size-two\" style=\"--awb-font-size:var(--awb-typography1-font-size);\"><h2 class=\"fusion-title-heading title-heading-left fusion-responsive-typography-calculated\" style=\"font-family:var(--awb-typography1-font-family);font-weight:var(--awb-typography1-font-weight);font-style:var(--awb-typography1-font-style);margin:0;letter-spacing:var(--awb-typography1-letter-spacing);text-transform:var(--awb-typography1-text-transform);font-size:1em;--fontSize:56;line-height:var(--awb-typography1-line-height);\">Caba\u00f1a \u00abO Tombo\u00bb<\/h2><\/div><div class=\"fusion-builder-row fusion-builder-row-inner fusion-row fusion-flex-align-items-flex-start fusion-flex-justify-content-flex-end fusion-flex-content-wrap\" style=\"--awb-min-height:no;--awb-min-height-medium:no;--awb-min-height-small:no;width:104% !important;max-width:104% !important;margin-left: calc(-4% \/ 2 );margin-right: calc(-4% \/ 2 );\"><div class=\"fusion-layout-column fusion_builder_column_inner fusion-builder-nested-column-9 fusion_builder_column_inner_1_3 1_3 fusion-flex-column\" style=\"--awb-bg-size:cover;--awb-width-large:33.333333333333%;--awb-margin-top-large:0px;--awb-spacing-right-large:5.76%;--awb-margin-bottom-large:20px;--awb-spacing-left-large:5.76%;--awb-width-medium:33.333333333333%;--awb-order-medium:0;--awb-spacing-right-medium:5.76%;--awb-spacing-left-medium:5.76%;--awb-width-small:100%;--awb-order-small:0;--awb-spacing-right-small:1.92%;--awb-spacing-left-small:1.92%;\"><div class=\"fusion-column-wrapper fusion-column-has-shadow fusion-flex-justify-content-flex-start fusion-content-layout-column\"><ul style=\"--awb-iconcolor:var(--awb-color4);--awb-line-height:27.2px;--awb-icon-width:27.2px;--awb-icon-height:27.2px;--awb-icon-margin:11.2px;--awb-content-margin:38.4px;\" class=\"fusion-checklist fusion-checklist-10 fusion-checklist-default type-icons\"><li class=\"fusion-li-item\" style=\"\"><span class=\"icon-wrapper circle-no\"><i class=\"fusion-li-icon fa-male fas\" aria-hidden=\"true\"><\/i><\/span><div class=\"fusion-li-item-content\">\n<p>4 Hu\u00e9spedes<\/p>\n<\/div><\/li><\/ul><\/div><\/div><div class=\"fusion-layout-column fusion_builder_column_inner fusion-builder-nested-column-10 fusion_builder_column_inner_1_3 1_3 fusion-flex-column\" style=\"--awb-bg-size:cover;--awb-width-large:33.333333333333%;--awb-margin-top-large:0px;--awb-spacing-right-large:5.76%;--awb-margin-bottom-large:20px;--awb-spacing-left-large:5.76%;--awb-width-medium:33.333333333333%;--awb-order-medium:0;--awb-spacing-right-medium:5.76%;--awb-spacing-left-medium:5.76%;--awb-width-small:100%;--awb-order-small:0;--awb-spacing-right-small:1.92%;--awb-spacing-left-small:1.92%;\"><div class=\"fusion-column-wrapper fusion-column-has-shadow fusion-flex-justify-content-flex-start fusion-content-layout-column\"><ul style=\"--awb-iconcolor:var(--awb-color4);--awb-line-height:27.2px;--awb-icon-width:27.2px;--awb-icon-height:27.2px;--awb-icon-margin:11.2px;--awb-content-margin:38.4px;\" class=\"fusion-checklist fusion-checklist-11 fusion-checklist-default type-icons\"><li class=\"fusion-li-item\" style=\"\"><span class=\"icon-wrapper circle-no\"><i class=\"fusion-li-icon fa-bed fas\" aria-hidden=\"true\"><\/i><\/span><div class=\"fusion-li-item-content\">\n<p>3 Camas<\/p>\n<\/div><\/li><\/ul><\/div><\/div><div class=\"fusion-layout-column fusion_builder_column_inner fusion-builder-nested-column-11 fusion_builder_column_inner_1_3 1_3 fusion-flex-column\" style=\"--awb-bg-size:cover;--awb-width-large:33.333333333333%;--awb-margin-top-large:0px;--awb-spacing-right-large:5.76%;--awb-margin-bottom-large:20px;--awb-spacing-left-large:5.76%;--awb-width-medium:33.333333333333%;--awb-order-medium:0;--awb-spacing-right-medium:5.76%;--awb-spacing-left-medium:5.76%;--awb-width-small:100%;--awb-order-small:0;--awb-spacing-right-small:1.92%;--awb-spacing-left-small:1.92%;\"><div class=\"fusion-column-wrapper fusion-column-has-shadow fusion-flex-justify-content-flex-start fusion-content-layout-column\"><ul style=\"--awb-iconcolor:var(--awb-color4);--awb-line-height:27.2px;--awb-icon-width:27.2px;--awb-icon-height:27.2px;--awb-icon-margin:11.2px;--awb-content-margin:38.4px;\" class=\"fusion-checklist fusion-checklist-12 fusion-checklist-default type-icons\"><li class=\"fusion-li-item\" style=\"\"><span class=\"icon-wrapper circle-no\"><i class=\"fusion-li-icon fa-utensils fas\" aria-hidden=\"true\"><\/i><\/span><div class=\"fusion-li-item-content\">Sal\u00f3n Comedor<\/div><\/li><\/ul><\/div><\/div><\/div><div class=\"fusion-text fusion-text-5\" style=\"--awb-content-alignment:justify;\"><p>Acogedora caba\u00f1a de madera rodeada de naturaleza en Galicia. Disfruta de un espacio di\u00e1fano con cama doble, altillo con dos camas peque\u00f1as, cocina equipada, sal\u00f3n y ba\u00f1o con ducha de hidromasaje.<\/p>\n<p>Rel\u00e1jate en el jard\u00edn con jacuzzi o en el balc\u00f3n con vistas a la naturaleza, y conecta con la tranquilidad del entorno. Ideal para familias, parejas o escapadas rom\u00e1nticas.<\/p>\n<p>Reserva ahora y vive la experiencia de un alojamiento rural con encanto y todas las comodidades modernas.<\/p>\n<\/div><div ><a class=\"fusion-button button-flat fusion-button-default-size button-custom fusion-button-default button-4 fusion-button-default-span fusion-button-default-type\" style=\"--button_accent_color:var(--awb-color4);--button_border_color:var(--awb-color4);--button_accent_hover_color:var(--awb-color4);--button_border_hover_color:var(--awb-color1);--button_border_width-top:0px;--button_border_width-right:0px;--button_border_width-bottom:1px;--button_border_width-left:0px;--button-border-radius-top-left:0;--button-border-radius-top-right:0;--button-border-radius-bottom-right:0;--button-border-radius-bottom-left:0;--button_gradient_top_color:rgba(255,0,0,0);--button_gradient_bottom_color:rgba(255,0,0,0);--button_gradient_top_color_hover:rgba(255,0,0,0);--button_gradient_bottom_color_hover:rgba(255,0,0,0);--button_text_transform:uppercase;--button_font_size:var(--awb-typography2-font-size);--button_line_height:var(--awb-typography2-line-height);--button_typography-letter-spacing:var(--awb-typography2-letter-spacing);--button_typography-font-family:var(--awb-typography2-font-family);--button_typography-font-weight:var(--awb-typography2-font-weight);--button_typography-font-style:var(--awb-typography2-font-style);\" target=\"_self\" href=\"#\"><span class=\"fusion-button-text awb-button__text awb-button__text--default\">Reserva Ahora<\/span><\/a><\/div><\/div><\/div><div class=\"fusion-layout-column fusion_builder_column fusion-builder-column-8 fusion_builder_column_2_5 2_5 fusion-flex-column fusion-flex-align-self-stretch\" style=\"--awb-padding-top-small:100px;--awb-padding-bottom-small:100px;--awb-overflow:hidden;--awb-bg-position:center center;--awb-bg-size:cover;--awb-border-radius:20px 0px 0px 20px;--awb-width-large:40%;--awb-margin-top-large:0px;--awb-spacing-right-large:4.8%;--awb-margin-bottom-large:0PX;--awb-spacing-left-large:4.8%;--awb-width-medium:40%;--awb-order-medium:0;--awb-spacing-right-medium:4.8%;--awb-spacing-left-medium:4.8%;--awb-width-small:100%;--awb-order-small:0;--awb-spacing-right-small:1.92%;--awb-spacing-left-small:1.92%;\"><div class=\"awb-column__background-slider\" ><div class=\"awb-background-slider\" data-type=\"column\" data-loop=\"yes\" data-animation=\"fade\" data-slideshow-speed=\"5000\" data-animation-speed=\"800\" data-direction=\"up\" style=\"--awb-image-position:50% 50%;\"><div class=\"swiper-wrapper\"><div class=\"swiper-slide\"><img decoding=\"async\" width=\"470\" height=\"705\" src=\"https:\/\/praiacarnotalodge.com\/wp-content\/uploads\/entorno-carnota-playa.jpg\" class=\"awb-background-slider__image\" alt=\"Playa de Carnota junto a la Costa da Morte en Galicia\" srcset=\"https:\/\/praiacarnotalodge.com\/wp-content\/uploads\/entorno-carnota-playa-8x12.jpg 8w, https:\/\/praiacarnotalodge.com\/wp-content\/uploads\/entorno-carnota-playa-100x150.jpg 100w, https:\/\/praiacarnotalodge.com\/wp-content\/uploads\/entorno-carnota-playa-200x300.jpg 200w, https:\/\/praiacarnotalodge.com\/wp-content\/uploads\/entorno-carnota-playa-400x600.jpg 400w, https:\/\/praiacarnotalodge.com\/wp-content\/uploads\/entorno-carnota-playa.jpg 470w\" sizes=\"(max-width: 470px) 100vw, 470px\" \/><\/div><div class=\"swiper-slide\"><img decoding=\"async\" width=\"705\" height=\"470\" src=\"https:\/\/praiacarnotalodge.com\/wp-content\/uploads\/cabanas-carnota-interior-luz-natural.jpg\" class=\"awb-background-slider__image\" alt=\"Interior luminoso de una caba\u00f1a en Carnota con decoraci\u00f3n natural\" srcset=\"https:\/\/praiacarnotalodge.com\/wp-content\/uploads\/cabanas-carnota-interior-luz-natural-18x12.jpg 18w, https:\/\/praiacarnotalodge.com\/wp-content\/uploads\/cabanas-carnota-interior-luz-natural-150x100.jpg 150w, https:\/\/praiacarnotalodge.com\/wp-content\/uploads\/cabanas-carnota-interior-luz-natural-200x133.jpg 200w, https:\/\/praiacarnotalodge.com\/wp-content\/uploads\/cabanas-carnota-interior-luz-natural-300x200.jpg 300w, https:\/\/praiacarnotalodge.com\/wp-content\/uploads\/cabanas-carnota-interior-luz-natural-400x267.jpg 400w, https:\/\/praiacarnotalodge.com\/wp-content\/uploads\/cabanas-carnota-interior-luz-natural-600x400.jpg 600w, https:\/\/praiacarnotalodge.com\/wp-content\/uploads\/cabanas-carnota-interior-luz-natural.jpg 705w\" sizes=\"(max-width: 705px) 100vw, 705px\" \/><\/div><div class=\"swiper-slide\"><img decoding=\"async\" width=\"470\" height=\"705\" src=\"https:\/\/praiacarnotalodge.com\/wp-content\/uploads\/entorno-carnota-monte-pindo.jpg\" class=\"awb-background-slider__image\" alt=\"Paisaje natural con el Monte Pindo visto desde Carnota\" srcset=\"https:\/\/praiacarnotalodge.com\/wp-content\/uploads\/entorno-carnota-monte-pindo-8x12.jpg 8w, https:\/\/praiacarnotalodge.com\/wp-content\/uploads\/entorno-carnota-monte-pindo-100x150.jpg 100w, https:\/\/praiacarnotalodge.com\/wp-content\/uploads\/entorno-carnota-monte-pindo-200x300.jpg 200w, https:\/\/praiacarnotalodge.com\/wp-content\/uploads\/entorno-carnota-monte-pindo-400x600.jpg 400w, https:\/\/praiacarnotalodge.com\/wp-content\/uploads\/entorno-carnota-monte-pindo.jpg 470w\" sizes=\"(max-width: 470px) 100vw, 470px\" \/><\/div><div class=\"swiper-slide\"><img decoding=\"async\" width=\"470\" height=\"705\" src=\"https:\/\/praiacarnotalodge.com\/wp-content\/uploads\/cabanas-carnota-detalle-decoracion.jpg\" class=\"awb-background-slider__image\" alt=\"Detalle decorativo en una caba\u00f1a tur\u00edstica de Praia Carnota Lodge\" srcset=\"https:\/\/praiacarnotalodge.com\/wp-content\/uploads\/cabanas-carnota-detalle-decoracion-8x12.jpg 8w, https:\/\/praiacarnotalodge.com\/wp-content\/uploads\/cabanas-carnota-detalle-decoracion-100x150.jpg 100w, https:\/\/praiacarnotalodge.com\/wp-content\/uploads\/cabanas-carnota-detalle-decoracion-200x300.jpg 200w, https:\/\/praiacarnotalodge.com\/wp-content\/uploads\/cabanas-carnota-detalle-decoracion-400x600.jpg 400w, https:\/\/praiacarnotalodge.com\/wp-content\/uploads\/cabanas-carnota-detalle-decoracion.jpg 470w\" sizes=\"(max-width: 470px) 100vw, 470px\" \/><\/div><div class=\"swiper-slide\"><img decoding=\"async\" width=\"705\" height=\"470\" src=\"https:\/\/praiacarnotalodge.com\/wp-content\/uploads\/entorno-carnota-naturaleza.jpg\" class=\"awb-background-slider__image\" alt=\"Entorno natural de Praia Carnota Lodge en Carnota A Coru\u00f1a\" srcset=\"https:\/\/praiacarnotalodge.com\/wp-content\/uploads\/entorno-carnota-naturaleza-18x12.jpg 18w, https:\/\/praiacarnotalodge.com\/wp-content\/uploads\/entorno-carnota-naturaleza-150x100.jpg 150w, https:\/\/praiacarnotalodge.com\/wp-content\/uploads\/entorno-carnota-naturaleza-200x133.jpg 200w, https:\/\/praiacarnotalodge.com\/wp-content\/uploads\/entorno-carnota-naturaleza-300x200.jpg 300w, https:\/\/praiacarnotalodge.com\/wp-content\/uploads\/entorno-carnota-naturaleza-400x267.jpg 400w, https:\/\/praiacarnotalodge.com\/wp-content\/uploads\/entorno-carnota-naturaleza-600x400.jpg 600w, https:\/\/praiacarnotalodge.com\/wp-content\/uploads\/entorno-carnota-naturaleza.jpg 705w\" sizes=\"(max-width: 705px) 100vw, 705px\" \/><\/div><\/div><\/div><\/div><div class=\"fusion-column-wrapper fusion-column-has-shadow fusion-flex-justify-content-flex-start fusion-content-layout-column\"><div class=\"awb-column__content\"><\/div><\/div><\/div><\/div><\/div><div class=\"fusion-fullwidth fullwidth-box fusion-builder-row-6 fusion-flex-container has-pattern-background has-mask-background hundred-percent-fullwidth non-hundred-percent-height-scrolling\" style=\"--awb-border-radius-top-left:0px;--awb-border-radius-top-right:0px;--awb-border-radius-bottom-right:0px;--awb-border-radius-bottom-left:0px;--awb-padding-left:0px;--awb-padding-left-small:30px;--awb-margin-top:100px;--awb-margin-bottom:100px;--awb-flex-wrap:wrap;\" ><div class=\"fusion-builder-row fusion-row fusion-flex-align-items-flex-start fusion-flex-content-wrap\" style=\"width:104% !important;max-width:104% !important;margin-left: calc(-4% \/ 2 );margin-right: calc(-4% \/ 2 );\"><div class=\"fusion-layout-column fusion_builder_column fusion-builder-column-9 fusion_builder_column_2_5 2_5 fusion-flex-column fusion-flex-align-self-stretch\" style=\"--awb-padding-top-small:100px;--awb-padding-bottom-small:100px;--awb-overflow:hidden;--awb-bg-position:center center;--awb-bg-size:cover;--awb-border-radius:0px 20px 20px 0px;--awb-width-large:40%;--awb-margin-top-large:0px;--awb-spacing-right-large:4.8%;--awb-margin-bottom-large:0PX;--awb-spacing-left-large:4.8%;--awb-width-medium:40%;--awb-order-medium:0;--awb-spacing-right-medium:4.8%;--awb-spacing-left-medium:4.8%;--awb-width-small:100%;--awb-order-small:0;--awb-spacing-right-small:1.92%;--awb-spacing-left-small:1.92%;\"><div class=\"awb-column__background-slider\" ><div class=\"awb-background-slider\" data-type=\"column\" data-loop=\"yes\" data-animation=\"fade\" data-slideshow-speed=\"5000\" data-animation-speed=\"800\" data-direction=\"up\" style=\"--awb-image-position:50% 50%;\"><div class=\"swiper-wrapper\"><div class=\"swiper-slide\"><img decoding=\"async\" width=\"705\" height=\"470\" src=\"https:\/\/praiacarnotalodge.com\/wp-content\/uploads\/carnota-playa-atlantico.jpg\" class=\"awb-background-slider__image\" alt=\"\" srcset=\"https:\/\/praiacarnotalodge.com\/wp-content\/uploads\/carnota-playa-atlantico-18x12.jpg 18w, https:\/\/praiacarnotalodge.com\/wp-content\/uploads\/carnota-playa-atlantico-150x100.jpg 150w, https:\/\/praiacarnotalodge.com\/wp-content\/uploads\/carnota-playa-atlantico-200x133.jpg 200w, https:\/\/praiacarnotalodge.com\/wp-content\/uploads\/carnota-playa-atlantico-300x200.jpg 300w, https:\/\/praiacarnotalodge.com\/wp-content\/uploads\/carnota-playa-atlantico-400x267.jpg 400w, https:\/\/praiacarnotalodge.com\/wp-content\/uploads\/carnota-playa-atlantico-600x400.jpg 600w, https:\/\/praiacarnotalodge.com\/wp-content\/uploads\/carnota-playa-atlantico.jpg 705w\" sizes=\"(max-width: 705px) 100vw, 705px\" \/><\/div><div class=\"swiper-slide\"><img decoding=\"async\" width=\"705\" height=\"470\" src=\"https:\/\/praiacarnotalodge.com\/wp-content\/uploads\/entorno-carnota-marismas.jpg\" class=\"awb-background-slider__image\" alt=\"Marismas y paisaje natural en el entorno de la playa de Carnota\" srcset=\"https:\/\/praiacarnotalodge.com\/wp-content\/uploads\/entorno-carnota-marismas-18x12.jpg 18w, https:\/\/praiacarnotalodge.com\/wp-content\/uploads\/entorno-carnota-marismas-150x100.jpg 150w, https:\/\/praiacarnotalodge.com\/wp-content\/uploads\/entorno-carnota-marismas-200x133.jpg 200w, https:\/\/praiacarnotalodge.com\/wp-content\/uploads\/entorno-carnota-marismas-300x200.jpg 300w, https:\/\/praiacarnotalodge.com\/wp-content\/uploads\/entorno-carnota-marismas-400x267.jpg 400w, https:\/\/praiacarnotalodge.com\/wp-content\/uploads\/entorno-carnota-marismas-600x400.jpg 600w, https:\/\/praiacarnotalodge.com\/wp-content\/uploads\/entorno-carnota-marismas.jpg 705w\" sizes=\"(max-width: 705px) 100vw, 705px\" \/><\/div><div class=\"swiper-slide\"><img decoding=\"async\" width=\"470\" height=\"705\" src=\"https:\/\/praiacarnotalodge.com\/wp-content\/uploads\/escapada-romantica-carnota.jpg\" class=\"awb-background-slider__image\" alt=\"Escapada rom\u00e1ntica en Praia Carnota Lodge con ba\u00f1era exterior\" srcset=\"https:\/\/praiacarnotalodge.com\/wp-content\/uploads\/escapada-romantica-carnota-8x12.jpg 8w, https:\/\/praiacarnotalodge.com\/wp-content\/uploads\/escapada-romantica-carnota-100x150.jpg 100w, https:\/\/praiacarnotalodge.com\/wp-content\/uploads\/escapada-romantica-carnota-200x300.jpg 200w, https:\/\/praiacarnotalodge.com\/wp-content\/uploads\/escapada-romantica-carnota-400x600.jpg 400w, https:\/\/praiacarnotalodge.com\/wp-content\/uploads\/escapada-romantica-carnota.jpg 470w\" sizes=\"(max-width: 470px) 100vw, 470px\" \/><\/div><div class=\"swiper-slide\"><img decoding=\"async\" width=\"470\" height=\"705\" src=\"https:\/\/praiacarnotalodge.com\/wp-content\/uploads\/surf-carnota-playa.jpg\" class=\"awb-background-slider__image\" alt=\"Playa de Carnota ideal para surf y paseos junto al mar\" srcset=\"https:\/\/praiacarnotalodge.com\/wp-content\/uploads\/surf-carnota-playa-8x12.jpg 8w, https:\/\/praiacarnotalodge.com\/wp-content\/uploads\/surf-carnota-playa-100x150.jpg 100w, https:\/\/praiacarnotalodge.com\/wp-content\/uploads\/surf-carnota-playa-200x300.jpg 200w, https:\/\/praiacarnotalodge.com\/wp-content\/uploads\/surf-carnota-playa-400x600.jpg 400w, https:\/\/praiacarnotalodge.com\/wp-content\/uploads\/surf-carnota-playa.jpg 470w\" sizes=\"(max-width: 470px) 100vw, 470px\" \/><\/div><div class=\"swiper-slide\"><img decoding=\"async\" width=\"608\" height=\"705\" src=\"https:\/\/praiacarnotalodge.com\/wp-content\/uploads\/surf-carnota-tabla.jpg\" class=\"awb-background-slider__image\" alt=\"Tabla de surf en la playa de Carnota con ambiente atl\u00e1ntico\" srcset=\"https:\/\/praiacarnotalodge.com\/wp-content\/uploads\/surf-carnota-tabla-10x12.jpg 10w, https:\/\/praiacarnotalodge.com\/wp-content\/uploads\/surf-carnota-tabla-129x150.jpg 129w, https:\/\/praiacarnotalodge.com\/wp-content\/uploads\/surf-carnota-tabla-200x232.jpg 200w, https:\/\/praiacarnotalodge.com\/wp-content\/uploads\/surf-carnota-tabla-259x300.jpg 259w, https:\/\/praiacarnotalodge.com\/wp-content\/uploads\/surf-carnota-tabla-400x464.jpg 400w, https:\/\/praiacarnotalodge.com\/wp-content\/uploads\/surf-carnota-tabla-600x696.jpg 600w, https:\/\/praiacarnotalodge.com\/wp-content\/uploads\/surf-carnota-tabla.jpg 608w\" sizes=\"(max-width: 608px) 100vw, 608px\" \/><\/div><\/div><\/div><\/div><div class=\"fusion-column-wrapper fusion-column-has-shadow fusion-flex-justify-content-flex-start fusion-content-layout-column\"><div class=\"awb-column__content\"><\/div><\/div><\/div><div class=\"fusion-layout-column fusion_builder_column fusion-builder-column-10 fusion_builder_column_1_2 1_2 fusion-flex-column\" style=\"--awb-padding-top:30px;--awb-padding-bottom:30px;--awb-bg-size:cover;--awb-width-large:50%;--awb-margin-top-large:0px;--awb-spacing-right-large:3.84%;--awb-margin-bottom-large:0px;--awb-spacing-left-large:3.84%;--awb-width-medium:50%;--awb-order-medium:0;--awb-spacing-right-medium:3.84%;--awb-spacing-left-medium:3.84%;--awb-width-small:100%;--awb-order-small:0;--awb-spacing-right-small:1.92%;--awb-spacing-left-small:1.92%;\"><div class=\"fusion-column-wrapper fusion-column-has-shadow fusion-flex-justify-content-flex-start fusion-content-layout-column\"><div class=\"fusion-title title fusion-title-6 fusion-sep-none fusion-title-text fusion-title-size-two\" style=\"--awb-margin-top:0px;--awb-font-size:var(--awb-typography1-font-size);\"><h2 class=\"fusion-title-heading title-heading-left fusion-responsive-typography-calculated\" style=\"font-family:var(--awb-typography1-font-family);font-weight:var(--awb-typography1-font-weight);font-style:var(--awb-typography1-font-style);margin:0;letter-spacing:var(--awb-typography1-letter-spacing);text-transform:var(--awb-typography1-text-transform);font-size:1em;--fontSize:56;line-height:var(--awb-typography1-line-height);\">Caba\u00f1a \u00abA Posa do Cangrexo\u00bb<\/h2><\/div><div class=\"fusion-builder-row fusion-builder-row-inner fusion-row fusion-flex-align-items-flex-start fusion-flex-content-wrap\" style=\"--awb-min-height:no;--awb-min-height-medium:no;--awb-min-height-small:no;width:104% !important;max-width:104% !important;margin-left: calc(-4% \/ 2 );margin-right: calc(-4% \/ 2 );\"><div class=\"fusion-layout-column fusion_builder_column_inner fusion-builder-nested-column-12 fusion_builder_column_inner_1_3 1_3 fusion-flex-column\" style=\"--awb-bg-size:cover;--awb-width-large:33.333333333333%;--awb-margin-top-large:0px;--awb-spacing-right-large:5.76%;--awb-margin-bottom-large:20px;--awb-spacing-left-large:5.76%;--awb-width-medium:33.333333333333%;--awb-order-medium:0;--awb-spacing-right-medium:5.76%;--awb-spacing-left-medium:5.76%;--awb-width-small:100%;--awb-order-small:0;--awb-spacing-right-small:1.92%;--awb-spacing-left-small:1.92%;\"><div class=\"fusion-column-wrapper fusion-column-has-shadow fusion-flex-justify-content-flex-start fusion-content-layout-column\"><ul style=\"--awb-iconcolor:var(--awb-color4);--awb-line-height:27.2px;--awb-icon-width:27.2px;--awb-icon-height:27.2px;--awb-icon-margin:11.2px;--awb-content-margin:38.4px;\" class=\"fusion-checklist fusion-checklist-13 fusion-checklist-default type-icons\"><li class=\"fusion-li-item\" style=\"\"><span class=\"icon-wrapper circle-no\"><i class=\"fusion-li-icon fa-male fas\" aria-hidden=\"true\"><\/i><\/span><div class=\"fusion-li-item-content\">\n<p>4 Hu\u00e9spedes<\/p>\n<\/div><\/li><\/ul><\/div><\/div><div class=\"fusion-layout-column fusion_builder_column_inner fusion-builder-nested-column-13 fusion_builder_column_inner_1_3 1_3 fusion-flex-column\" style=\"--awb-bg-size:cover;--awb-width-large:33.333333333333%;--awb-margin-top-large:0px;--awb-spacing-right-large:5.76%;--awb-margin-bottom-large:20px;--awb-spacing-left-large:5.76%;--awb-width-medium:33.333333333333%;--awb-order-medium:0;--awb-spacing-right-medium:5.76%;--awb-spacing-left-medium:5.76%;--awb-width-small:100%;--awb-order-small:0;--awb-spacing-right-small:1.92%;--awb-spacing-left-small:1.92%;\"><div class=\"fusion-column-wrapper fusion-column-has-shadow fusion-flex-justify-content-flex-start fusion-content-layout-column\"><ul style=\"--awb-iconcolor:var(--awb-color4);--awb-line-height:27.2px;--awb-icon-width:27.2px;--awb-icon-height:27.2px;--awb-icon-margin:11.2px;--awb-content-margin:38.4px;\" class=\"fusion-checklist fusion-checklist-14 fusion-checklist-default type-icons\"><li class=\"fusion-li-item\" style=\"\"><span class=\"icon-wrapper circle-no\"><i class=\"fusion-li-icon fa-bed fas\" aria-hidden=\"true\"><\/i><\/span><div class=\"fusion-li-item-content\">\n<p>3 Camas<\/p>\n<\/div><\/li><\/ul><\/div><\/div><div class=\"fusion-layout-column fusion_builder_column_inner fusion-builder-nested-column-14 fusion_builder_column_inner_1_3 1_3 fusion-flex-column\" style=\"--awb-bg-size:cover;--awb-width-large:33.333333333333%;--awb-margin-top-large:0px;--awb-spacing-right-large:5.76%;--awb-margin-bottom-large:20px;--awb-spacing-left-large:5.76%;--awb-width-medium:33.333333333333%;--awb-order-medium:0;--awb-spacing-right-medium:5.76%;--awb-spacing-left-medium:5.76%;--awb-width-small:100%;--awb-order-small:0;--awb-spacing-right-small:1.92%;--awb-spacing-left-small:1.92%;\"><div class=\"fusion-column-wrapper fusion-column-has-shadow fusion-flex-justify-content-flex-start fusion-content-layout-column\"><ul style=\"--awb-iconcolor:var(--awb-color4);--awb-line-height:27.2px;--awb-icon-width:27.2px;--awb-icon-height:27.2px;--awb-icon-margin:11.2px;--awb-content-margin:38.4px;\" class=\"fusion-checklist fusion-checklist-15 fusion-checklist-default type-icons\"><li class=\"fusion-li-item\" style=\"\"><span class=\"icon-wrapper circle-no\"><i class=\"fusion-li-icon fa-utensils fas\" aria-hidden=\"true\"><\/i><\/span><div class=\"fusion-li-item-content\">Sal\u00f3n Comedor<\/div><\/li><\/ul><\/div><\/div><\/div><div class=\"fusion-text fusion-text-6\" style=\"--awb-content-alignment:justify;\"><p>Acogedora caba\u00f1a de madera rodeada de naturaleza en Galicia. Disfruta de un espacio di\u00e1fano con cama doble, altillo con dos camas peque\u00f1as, cocina equipada, sal\u00f3n y ba\u00f1o con ducha de hidromasaje.<\/p>\n<p>Rel\u00e1jate en el jard\u00edn con jacuzzi o en el balc\u00f3n con vistas a la naturaleza, y conecta con la tranquilidad del entorno. Ideal para familias, parejas o escapadas rom\u00e1nticas.<\/p>\n<p>Reserva ahora y vive la experiencia de un alojamiento rural con encanto y todas las comodidades modernas.<\/p>\n<\/div><div ><a class=\"fusion-button button-flat fusion-button-default-size button-custom fusion-button-default button-5 fusion-button-default-span fusion-button-default-type\" style=\"--button_accent_color:var(--awb-color4);--button_border_color:var(--awb-color4);--button_accent_hover_color:var(--awb-color4);--button_border_hover_color:var(--awb-color1);--button_border_width-top:0px;--button_border_width-right:0px;--button_border_width-bottom:1px;--button_border_width-left:0px;--button-border-radius-top-left:0;--button-border-radius-top-right:0;--button-border-radius-bottom-right:0;--button-border-radius-bottom-left:0;--button_gradient_top_color:rgba(255,0,0,0);--button_gradient_bottom_color:rgba(255,0,0,0);--button_gradient_top_color_hover:rgba(255,0,0,0);--button_gradient_bottom_color_hover:rgba(255,0,0,0);--button_text_transform:uppercase;--button_font_size:var(--awb-typography2-font-size);--button_line_height:var(--awb-typography2-line-height);--button_typography-letter-spacing:var(--awb-typography2-letter-spacing);--button_typography-font-family:var(--awb-typography2-font-family);--button_typography-font-weight:var(--awb-typography2-font-weight);--button_typography-font-style:var(--awb-typography2-font-style);\" target=\"_self\" href=\"#\"><span class=\"fusion-button-text awb-button__text awb-button__text--default\">Reserva Ahora<\/span><\/a><\/div><\/div><\/div><\/div><\/div><div class=\"fusion-fullwidth fullwidth-box fusion-builder-row-7 fusion-flex-container has-pattern-background has-mask-background nonhundred-percent-fullwidth non-hundred-percent-height-scrolling\" style=\"--awb-border-radius-top-left:0px;--awb-border-radius-top-right:0px;--awb-border-radius-bottom-right:0px;--awb-border-radius-bottom-left:0px;--awb-padding-top:20px;--awb-margin-top:100px;--awb-background-color:var(--awb-color3);--awb-flex-wrap:wrap;\" ><div class=\"fusion-builder-row fusion-row fusion-flex-align-items-flex-start fusion-flex-justify-content-center fusion-flex-content-wrap\" style=\"max-width:1248px;margin-left: calc(-4% \/ 2 );margin-right: calc(-4% \/ 2 );\"><div class=\"fusion-layout-column fusion_builder_column fusion-builder-column-11 fusion_builder_column_3_4 3_4 fusion-flex-column\" style=\"--awb-padding-top:30px;--awb-padding-bottom:30px;--awb-bg-size:cover;--awb-width-large:75%;--awb-margin-top-large:0px;--awb-spacing-right-large:80px;--awb-margin-bottom-large:20px;--awb-spacing-left-large:2.56%;--awb-width-medium:75%;--awb-order-medium:0;--awb-spacing-right-medium:80px;--awb-spacing-left-medium:2.56%;--awb-width-small:100%;--awb-order-small:0;--awb-spacing-right-small:1.92%;--awb-spacing-left-small:1.92%;\"><div class=\"fusion-column-wrapper fusion-column-has-shadow fusion-flex-justify-content-flex-start fusion-content-layout-column\"><div class=\"fusion-title title fusion-title-7 fusion-sep-none fusion-title-center fusion-title-text fusion-title-size-two\" style=\"--awb-margin-top:0px;--awb-font-size:var(--awb-typography1-font-size);\"><h2 class=\"fusion-title-heading title-heading-center fusion-responsive-typography-calculated\" style=\"font-family:var(--awb-typography1-font-family);font-weight:var(--awb-typography1-font-weight);font-style:var(--awb-typography1-font-style);margin:0;letter-spacing:var(--awb-typography1-letter-spacing);text-transform:var(--awb-typography1-text-transform);font-size:1em;--fontSize:56;line-height:var(--awb-typography1-line-height);\">Reserva unos d\u00edas de calma en Carnota<\/h2><\/div><div class=\"fusion-text fusion-text-7\" style=\"--awb-content-alignment:justify;\"><p>Elige fechas, reserva tu caba\u00f1a y empieza a planear una escapada de naturaleza, silencio y descanso en la Costa da Morte. Si lo necesitas, te ayudamos a dise\u00f1ar una estancia a tu ritmo.<\/p>\n<\/div><div style=\"text-align:center;\"><a class=\"fusion-button button-flat fusion-button-default-size button-custom fusion-button-default button-6 fusion-button-default-span fusion-button-default-type\" style=\"--button_accent_color:var(--awb-color1);--button_accent_hover_color:var(--awb-color1);--button_border_hover_color:transparent;--button-border-radius-top-left:10px;--button-border-radius-top-right:10px;--button-border-radius-bottom-right:10px;--button-border-radius-bottom-left:10px;--button_gradient_top_color:var(--awb-color5);--button_gradient_bottom_color:var(--awb-color5);--button_gradient_top_color_hover:var(--awb-color4);--button_gradient_bottom_color_hover:var(--awb-color4);--button_text_transform:uppercase;--button_font_size:var(--awb-typography4-font-size);--button_line_height:var(--awb-typography4-line-height);--button_padding-top:10px;--button_padding-right:15px;--button_padding-bottom:10px;--button_padding-left:15px;--button_typography-letter-spacing:var(--awb-typography4-letter-spacing);--button_typography-font-family:var(--awb-typography4-font-family);--button_typography-font-weight:var(--awb-typography4-font-weight);--button_typography-font-style:var(--awb-typography4-font-style);\" target=\"_self\" href=\"#\"><span class=\"fusion-button-text awb-button__text awb-button__text--default\">Ver disponibilidad<\/span><\/a><\/div><\/div><\/div><\/div><\/div><\/p>","protected":false},"excerpt":{"rendered":"","protected":false},"author":1,"featured_media":0,"parent":0,"menu_order":0,"comment_status":"closed","ping_status":"closed","template":"100-width.php","meta":{"footnotes":""},"class_list":["post-326","page","type-page","status-publish","hentry"],"_links":{"self":[{"href":"https:\/\/praiacarnotalodge.com\/en\/wp-json\/wp\/v2\/pages\/326","targetHints":{"allow":["GET"]}}],"collection":[{"href":"https:\/\/praiacarnotalodge.com\/en\/wp-json\/wp\/v2\/pages"}],"about":[{"href":"https:\/\/praiacarnotalodge.com\/en\/wp-json\/wp\/v2\/types\/page"}],"author":[{"embeddable":true,"href":"https:\/\/praiacarnotalodge.com\/en\/wp-json\/wp\/v2\/users\/1"}],"replies":[{"embeddable":true,"href":"https:\/\/praiacarnotalodge.com\/en\/wp-json\/wp\/v2\/comments?post=326"}],"version-history":[{"count":23,"href":"https:\/\/praiacarnotalodge.com\/en\/wp-json\/wp\/v2\/pages\/326\/revisions"}],"predecessor-version":[{"id":476,"href":"https:\/\/praiacarnotalodge.com\/en\/wp-json\/wp\/v2\/pages\/326\/revisions\/476"}],"wp:attachment":[{"href":"https:\/\/praiacarnotalodge.com\/en\/wp-json\/wp\/v2\/media?parent=326"}],"curies":[{"name":"wp","href":"https:\/\/api.w.org\/{rel}","templated":true}]}}